{"id":142,"date":"2017-12-17T23:05:21","date_gmt":"2017-12-17T22:05:21","guid":{"rendered":"http:\/\/theatre-cancoillotte.fr\/?page_id=142"},"modified":"2026-03-29T15:21:10","modified_gmt":"2026-03-29T13:21:10","slug":"actualites","status":"publish","type":"page","link":"http:\/\/theatre-cancoillotte.fr\/","title":{"rendered":"Actualit\u00e9s"},"content":{"rendered":"\n<figure class=\"wp-block-image size-full\"><img fetchpriority=\"high\" decoding=\"async\" width=\"600\" height=\"100\" src=\"http:\/\/theatre-cancoillotte.fr\/wp-content\/uploads\/2022\/11\/actualites.jpg\" alt=\"\" class=\"wp-image-1304\" srcset=\"http:\/\/theatre-cancoillotte.fr\/wp-content\/uploads\/2022\/11\/actualites.jpg 600w, http:\/\/theatre-cancoillotte.fr\/wp-content\/uploads\/2022\/11\/actualites-300x50.jpg 300w\" sizes=\"(max-width: 600px) 100vw, 600px\" \/><\/figure>\n\n\n\n<p class=\"has-vivid-cyan-blue-color has-text-color has-link-color wp-elements-ef3cd53efc10ecf35072e594f32d920e\"><strong><em>28 mars 2026<\/em><\/strong><\/p>\n\n\n\n<p>Bonjour \u00e0 toutes et \u00e0 tous.<\/p>\n\n\n\n<p class=\"has-black-color has-text-color has-link-color wp-elements-8fdb2522790888e2160d44d3e9b36f32\">Comme tous les ans s&rsquo;est d\u00e9roul\u00e9e aujourd&rsquo;hui notre sympathique c\u00e9r\u00e9monie de remise des ch\u00e8ques aux deux associations que nous avions \u00e9lues pour 2025. Gr\u00e2ce \u00e0 vous cher public et \u00e0 votre pr\u00e9sence fid\u00e8le et importante, elles ont pu b\u00e9n\u00e9ficier cette ann\u00e9e de 2000 euros chacune.<\/p>\n\n\n\n<p>Nous avions \u00e9galement invit\u00e9 \u00e0 cette r\u00e9union quatre associations candidates pour 2026. Nous nous r\u00e9unirons en Conseil d&rsquo;Administration courant avril pour choisir celles que nous soutiendrons cette ann\u00e9e.<\/p>\n\n\n\n<p>Tout cela s&rsquo;est d\u00e9roul\u00e9 dans un climat de bienveillance et d&rsquo;engagement qui nous conforte dans nos actions. Voici quelques photos de cet apr\u00e8s-midi.<\/p>\n\n\n\n<p>A bient\u00f4t pour d&rsquo;autres nouvelles !<\/p>\n\n\n\n<figure class=\"wp-block-gallery has-nested-images columns-default is-cropped wp-block-gallery-1 is-layout-flex wp-block-gallery-is-layout-flex\">\n<figure class=\"wp-block-image size-large\"><img decoding=\"async\" width=\"1024\" height=\"1024\" data-id=\"1976\" src=\"http:\/\/theatre-cancoillotte.fr\/wp-content\/uploads\/2026\/03\/cheques-2025-petit-bras-03-1024x1024.jpg\" alt=\"\" class=\"wp-image-1976\" srcset=\"http:\/\/theatre-cancoillotte.fr\/wp-content\/uploads\/2026\/03\/cheques-2025-petit-bras-03-1024x1024.jpg 1024w, http:\/\/theatre-cancoillotte.fr\/wp-content\/uploads\/2026\/03\/cheques-2025-petit-bras-03-300x300.jpg 300w, http:\/\/theatre-cancoillotte.fr\/wp-content\/uploads\/2026\/03\/cheques-2025-petit-bras-03-150x150.jpg 150w, http:\/\/theatre-cancoillotte.fr\/wp-content\/uploads\/2026\/03\/cheques-2025-petit-bras-03-768x768.jpg 768w, http:\/\/theatre-cancoillotte.fr\/wp-content\/uploads\/2026\/03\/cheques-2025-petit-bras-03-1536x1536.jpg 1536w, http:\/\/theatre-cancoillotte.fr\/wp-content\/uploads\/2026\/03\/cheques-2025-petit-bras-03.jpg 1800w\" sizes=\"(max-width: 1024px) 100vw, 1024px\" \/><\/figure>\n\n\n\n<figure class=\"wp-block-image size-large\"><img decoding=\"async\" width=\"1024\" height=\"461\" data-id=\"1974\" src=\"http:\/\/theatre-cancoillotte.fr\/wp-content\/uploads\/2026\/03\/cheques-2025-tous-01-1024x461.jpg\" alt=\"\" class=\"wp-image-1974\" srcset=\"http:\/\/theatre-cancoillotte.fr\/wp-content\/uploads\/2026\/03\/cheques-2025-tous-01-1024x461.jpg 1024w, http:\/\/theatre-cancoillotte.fr\/wp-content\/uploads\/2026\/03\/cheques-2025-tous-01-300x135.jpg 300w, http:\/\/theatre-cancoillotte.fr\/wp-content\/uploads\/2026\/03\/cheques-2025-tous-01-768x346.jpg 768w, http:\/\/theatre-cancoillotte.fr\/wp-content\/uploads\/2026\/03\/cheques-2025-tous-01-1536x691.jpg 1536w, http:\/\/theatre-cancoillotte.fr\/wp-content\/uploads\/2026\/03\/cheques-2025-tous-01.jpg 1800w\" sizes=\"(max-width: 1024px) 100vw, 1024px\" \/><\/figure>\n\n\n\n<figure class=\"wp-block-image size-large\"><img loading=\"lazy\" decoding=\"async\" width=\"1024\" height=\"461\" data-id=\"1971\" src=\"http:\/\/theatre-cancoillotte.fr\/wp-content\/uploads\/2026\/03\/cheques-2025-tous-02-1024x461.jpg\" alt=\"\" class=\"wp-image-1971\" srcset=\"http:\/\/theatre-cancoillotte.fr\/wp-content\/uploads\/2026\/03\/cheques-2025-tous-02-1024x461.jpg 1024w, http:\/\/theatre-cancoillotte.fr\/wp-content\/uploads\/2026\/03\/cheques-2025-tous-02-300x135.jpg 300w, http:\/\/theatre-cancoillotte.fr\/wp-content\/uploads\/2026\/03\/cheques-2025-tous-02-768x346.jpg 768w, http:\/\/theatre-cancoillotte.fr\/wp-content\/uploads\/2026\/03\/cheques-2025-tous-02-1536x691.jpg 1536w, http:\/\/theatre-cancoillotte.fr\/wp-content\/uploads\/2026\/03\/cheques-2025-tous-02.jpg 1800w\" sizes=\"(max-width: 1024px) 100vw, 1024px\" \/><\/figure>\n\n\n\n<figure class=\"wp-block-image size-large\"><img loading=\"lazy\" decoding=\"async\" width=\"1024\" height=\"461\" data-id=\"1973\" src=\"http:\/\/theatre-cancoillotte.fr\/wp-content\/uploads\/2026\/03\/cheques-2025-tous-03-1024x461.jpg\" alt=\"\" class=\"wp-image-1973\" srcset=\"http:\/\/theatre-cancoillotte.fr\/wp-content\/uploads\/2026\/03\/cheques-2025-tous-03-1024x461.jpg 1024w, http:\/\/theatre-cancoillotte.fr\/wp-content\/uploads\/2026\/03\/cheques-2025-tous-03-300x135.jpg 300w, http:\/\/theatre-cancoillotte.fr\/wp-content\/uploads\/2026\/03\/cheques-2025-tous-03-768x346.jpg 768w, http:\/\/theatre-cancoillotte.fr\/wp-content\/uploads\/2026\/03\/cheques-2025-tous-03-1536x691.jpg 1536w, http:\/\/theatre-cancoillotte.fr\/wp-content\/uploads\/2026\/03\/cheques-2025-tous-03.jpg 1800w\" sizes=\"(max-width: 1024px) 100vw, 1024px\" \/><\/figure>\n\n\n\n<figure class=\"wp-block-image size-large\"><img loading=\"lazy\" decoding=\"async\" width=\"1024\" height=\"1024\" data-id=\"1972\" src=\"http:\/\/theatre-cancoillotte.fr\/wp-content\/uploads\/2026\/03\/cheques-2025-liseron-01-1024x1024.jpg\" alt=\"\" class=\"wp-image-1972\" srcset=\"http:\/\/theatre-cancoillotte.fr\/wp-content\/uploads\/2026\/03\/cheques-2025-liseron-01-1024x1024.jpg 1024w, http:\/\/theatre-cancoillotte.fr\/wp-content\/uploads\/2026\/03\/cheques-2025-liseron-01-300x300.jpg 300w, http:\/\/theatre-cancoillotte.fr\/wp-content\/uploads\/2026\/03\/cheques-2025-liseron-01-150x150.jpg 150w, http:\/\/theatre-cancoillotte.fr\/wp-content\/uploads\/2026\/03\/cheques-2025-liseron-01-768x768.jpg 768w, http:\/\/theatre-cancoillotte.fr\/wp-content\/uploads\/2026\/03\/cheques-2025-liseron-01-1536x1536.jpg 1536w, http:\/\/theatre-cancoillotte.fr\/wp-content\/uploads\/2026\/03\/cheques-2025-liseron-01.jpg 1800w\" sizes=\"(max-width: 1024px) 100vw, 1024px\" \/><\/figure>\n\n\n\n<figure class=\"wp-block-image size-large\"><img loading=\"lazy\" decoding=\"async\" width=\"1024\" height=\"1024\" data-id=\"1975\" src=\"http:\/\/theatre-cancoillotte.fr\/wp-content\/uploads\/2026\/03\/cheques-2025-liseron-02-1024x1024.jpg\" alt=\"\" class=\"wp-image-1975\" srcset=\"http:\/\/theatre-cancoillotte.fr\/wp-content\/uploads\/2026\/03\/cheques-2025-liseron-02-1024x1024.jpg 1024w, http:\/\/theatre-cancoillotte.fr\/wp-content\/uploads\/2026\/03\/cheques-2025-liseron-02-300x300.jpg 300w, http:\/\/theatre-cancoillotte.fr\/wp-content\/uploads\/2026\/03\/cheques-2025-liseron-02-150x150.jpg 150w, http:\/\/theatre-cancoillotte.fr\/wp-content\/uploads\/2026\/03\/cheques-2025-liseron-02-768x767.jpg 768w, http:\/\/theatre-cancoillotte.fr\/wp-content\/uploads\/2026\/03\/cheques-2025-liseron-02-1536x1534.jpg 1536w, http:\/\/theatre-cancoillotte.fr\/wp-content\/uploads\/2026\/03\/cheques-2025-liseron-02.jpg 1800w\" sizes=\"(max-width: 1024px) 100vw, 1024px\" \/><\/figure>\n\n\n\n<figure class=\"wp-block-image size-large\"><img loading=\"lazy\" decoding=\"async\" width=\"1024\" height=\"1024\" data-id=\"1977\" src=\"http:\/\/theatre-cancoillotte.fr\/wp-content\/uploads\/2026\/03\/cheques-2025-petits-bras-01-1024x1024.jpg\" alt=\"\" class=\"wp-image-1977\" srcset=\"http:\/\/theatre-cancoillotte.fr\/wp-content\/uploads\/2026\/03\/cheques-2025-petits-bras-01-1024x1024.jpg 1024w, http:\/\/theatre-cancoillotte.fr\/wp-content\/uploads\/2026\/03\/cheques-2025-petits-bras-01-300x300.jpg 300w, http:\/\/theatre-cancoillotte.fr\/wp-content\/uploads\/2026\/03\/cheques-2025-petits-bras-01-150x150.jpg 150w, http:\/\/theatre-cancoillotte.fr\/wp-content\/uploads\/2026\/03\/cheques-2025-petits-bras-01-768x768.jpg 768w, http:\/\/theatre-cancoillotte.fr\/wp-content\/uploads\/2026\/03\/cheques-2025-petits-bras-01-1536x1536.jpg 1536w, http:\/\/theatre-cancoillotte.fr\/wp-content\/uploads\/2026\/03\/cheques-2025-petits-bras-01.jpg 1800w\" sizes=\"(max-width: 1024px) 100vw, 1024px\" \/><\/figure>\n\n\n\n<figure class=\"wp-block-image size-large\"><img loading=\"lazy\" decoding=\"async\" width=\"1024\" height=\"1024\" data-id=\"1978\" src=\"http:\/\/theatre-cancoillotte.fr\/wp-content\/uploads\/2026\/03\/cheques-2025-petits-bras-02-1024x1024.jpg\" alt=\"\" class=\"wp-image-1978\" srcset=\"http:\/\/theatre-cancoillotte.fr\/wp-content\/uploads\/2026\/03\/cheques-2025-petits-bras-02-1024x1024.jpg 1024w, http:\/\/theatre-cancoillotte.fr\/wp-content\/uploads\/2026\/03\/cheques-2025-petits-bras-02-300x300.jpg 300w, http:\/\/theatre-cancoillotte.fr\/wp-content\/uploads\/2026\/03\/cheques-2025-petits-bras-02-150x150.jpg 150w, http:\/\/theatre-cancoillotte.fr\/wp-content\/uploads\/2026\/03\/cheques-2025-petits-bras-02-768x768.jpg 768w, http:\/\/theatre-cancoillotte.fr\/wp-content\/uploads\/2026\/03\/cheques-2025-petits-bras-02-1536x1536.jpg 1536w, http:\/\/theatre-cancoillotte.fr\/wp-content\/uploads\/2026\/03\/cheques-2025-petits-bras-02.jpg 1800w\" sizes=\"(max-width: 1024px) 100vw, 1024px\" \/><\/figure>\n<\/figure>\n\n\n\n<hr class=\"wp-block-separator has-alpha-channel-opacity\"\/>\n\n\n\n<p class=\"has-vivid-cyan-blue-color has-text-color has-link-color wp-elements-c49a59e4e0961f39e3644d23b2955ddc\"><strong><em>8 mars 2026<\/em><\/strong><\/p>\n\n\n\n<p>Le mot du pr\u00e9sident !<\/p>\n\n\n\n<p>Bonjour \u00e0 toutes et \u00e0 tous.<\/p>\n\n\n\n<p>Pour vous rassurer et vous tenir au courant de nos activit\u00e9s, une nouvelle pi\u00e8ce est d\u00e9j\u00e0 en \u00ab\u00a0chantier\u00a0\u00bb pour 2026. Les r\u00e9p\u00e9titions ont commenc\u00e9 mi-janvier, en m\u00eame temps dans le s\u00e9rieux et la bonne humeur (ce qui est d\u00e9j\u00e0 un exploit !). Nous pr\u00e9voyons encore une fois une grande r\u00e9ussite car cette pi\u00e8ce, dans un style diff\u00e9rent de celle de 2025 (et 2024), est tr\u00e8s int\u00e9ressante, plaisante, a amusante \u00e0 jouer &#8230; et \u00e0 voir !<\/p>\n\n\n\n<p>Parall\u00e8lement, aura lieu samedi 28 mars une r\u00e9union de nos associations 2025 et des candidats 2026.<\/p>\n\n\n\n<p>Nous cherchons toujours \u00e0 recruter des jeunes gens (moins de 40 ans donc !), hommes et femmes, int\u00e9ress\u00e9s par le th\u00e9\u00e2tre et pr\u00eats \u00e0 s&rsquo;investir dans des r\u00e9p\u00e9titions hebdomadaires, pour \u00e9prouver finalement le plaisir des \u00ab\u00a0planches\u00a0\u00bb, et celui de participer \u00e0 une action sociale valorisante. Manifestez-vous aupr\u00e8s de nous gr\u00e2ce au formulaire \u00ab\u00a0Contact\u00a0\u00bb.<\/p>\n\n\n\n<p>Voil\u00e0, c&rsquo;est tout pour aujourd&rsquo;hui, allez au th\u00e9\u00e2tre, bonne journ\u00e9e ensoleill\u00e9e, et au plaisir de vous rencontrer.  <\/p>\n\n\n\n<hr class=\"wp-block-separator has-alpha-channel-opacity\"\/>\n\n\n\n<p class=\"has-vivid-cyan-blue-color has-text-color has-link-color wp-elements-2dcc9deef18a301c14d035427c5f584c\"><strong><em>1er janvier 2026 : un message pour tous !<\/em><\/strong><\/p>\n\n\n\n<figure class=\"wp-block-image size-large\"><img loading=\"lazy\" decoding=\"async\" width=\"1024\" height=\"410\" src=\"http:\/\/theatre-cancoillotte.fr\/wp-content\/uploads\/2026\/01\/ba-2026-ctc-1024x410.jpg\" alt=\"\" class=\"wp-image-1910\" srcset=\"http:\/\/theatre-cancoillotte.fr\/wp-content\/uploads\/2026\/01\/ba-2026-ctc-1024x410.jpg 1024w, http:\/\/theatre-cancoillotte.fr\/wp-content\/uploads\/2026\/01\/ba-2026-ctc-300x120.jpg 300w, http:\/\/theatre-cancoillotte.fr\/wp-content\/uploads\/2026\/01\/ba-2026-ctc-768x307.jpg 768w, http:\/\/theatre-cancoillotte.fr\/wp-content\/uploads\/2026\/01\/ba-2026-ctc.jpg 1500w\" sizes=\"(max-width: 1024px) 100vw, 1024px\" \/><\/figure>\n\n\n\n<hr class=\"wp-block-separator has-alpha-channel-opacity\"\/>\n\n\n\n<p class=\"has-vivid-cyan-blue-color has-text-color has-link-color wp-elements-03cece71350487a9a198813c74614109\"><strong><em>15 d\u00e9cembre 2025<\/em><\/strong><\/p>\n\n\n\n<p>Le mot du pr\u00e9sident  \ud83d\ude0a<\/p>\n\n\n\n<p>Et voil\u00e0 ! Quatre jours de bonheur, de rires, de bravos, de complicit\u00e9 dans la troupe, de gens heureux \u00e0 la sortie ! Quatre jours tellement enthousiasmants, gr\u00e2ce \u00e0 vous, cher public (plus de 800 personne sur cette p\u00e9riode), et aussi, bien s\u00fbr, \u00e0 la volont\u00e9 farouche de tous les membres de la compagnie, de faire plaisir, de passer et de faire passer de bons moments, et encore, d&rsquo;apporter un soutien \u00e0 nos associations partenaires \u2764\ufe0f<\/p>\n\n\n\n<p>Vous trouverez bient\u00f4t les photos de ce spectacle dans le menu \u00ab\u00a0Historique\u00a0\u00bb \ud83d\ude0a<\/p>\n\n\n\n<p>Bravo et merci \u00e0 toutes et \u00e0 tous, et que le spectacle continue en 2026 &#8230; et au del\u00e0 !<\/p>\n\n\n\n<figure class=\"wp-block-gallery has-nested-images columns-default is-cropped wp-block-gallery-2 is-layout-flex wp-block-gallery-is-layout-flex\">\n<figure class=\"wp-block-image size-large\"><img loading=\"lazy\" decoding=\"async\" width=\"1024\" height=\"683\" data-id=\"1782\" src=\"http:\/\/theatre-cancoillotte.fr\/wp-content\/uploads\/2025\/12\/DSC_7426_DxO-1024x683.jpg\" alt=\"\" class=\"wp-image-1782\" srcset=\"http:\/\/theatre-cancoillotte.fr\/wp-content\/uploads\/2025\/12\/DSC_7426_DxO-1024x683.jpg 1024w, http:\/\/theatre-cancoillotte.fr\/wp-content\/uploads\/2025\/12\/DSC_7426_DxO-300x200.jpg 300w, http:\/\/theatre-cancoillotte.fr\/wp-content\/uploads\/2025\/12\/DSC_7426_DxO-768x512.jpg 768w, http:\/\/theatre-cancoillotte.fr\/wp-content\/uploads\/2025\/12\/DSC_7426_DxO-1536x1024.jpg 1536w, http:\/\/theatre-cancoillotte.fr\/wp-content\/uploads\/2025\/12\/DSC_7426_DxO-2048x1365.jpg 2048w\" sizes=\"(max-width: 1024px) 100vw, 1024px\" \/><\/figure>\n\n\n\n<figure class=\"wp-block-image size-large\"><img loading=\"lazy\" decoding=\"async\" width=\"929\" height=\"538\" data-id=\"1781\" src=\"http:\/\/theatre-cancoillotte.fr\/wp-content\/uploads\/2025\/12\/01.jpg\" alt=\"\" class=\"wp-image-1781\" srcset=\"http:\/\/theatre-cancoillotte.fr\/wp-content\/uploads\/2025\/12\/01.jpg 929w, http:\/\/theatre-cancoillotte.fr\/wp-content\/uploads\/2025\/12\/01-300x174.jpg 300w, http:\/\/theatre-cancoillotte.fr\/wp-content\/uploads\/2025\/12\/01-768x445.jpg 768w\" sizes=\"(max-width: 929px) 100vw, 929px\" \/><\/figure>\n\n\n\n<figure class=\"wp-block-image size-large\"><img loading=\"lazy\" decoding=\"async\" width=\"1024\" height=\"410\" data-id=\"1783\" src=\"http:\/\/theatre-cancoillotte.fr\/wp-content\/uploads\/2025\/12\/DSC_7435_DxO-1024x410.jpg\" alt=\"\" class=\"wp-image-1783\" srcset=\"http:\/\/theatre-cancoillotte.fr\/wp-content\/uploads\/2025\/12\/DSC_7435_DxO-1024x410.jpg 1024w, http:\/\/theatre-cancoillotte.fr\/wp-content\/uploads\/2025\/12\/DSC_7435_DxO-300x120.jpg 300w, http:\/\/theatre-cancoillotte.fr\/wp-content\/uploads\/2025\/12\/DSC_7435_DxO-768x307.jpg 768w, http:\/\/theatre-cancoillotte.fr\/wp-content\/uploads\/2025\/12\/DSC_7435_DxO-1536x614.jpg 1536w, http:\/\/theatre-cancoillotte.fr\/wp-content\/uploads\/2025\/12\/DSC_7435_DxO-2048x819.jpg 2048w\" sizes=\"(max-width: 1024px) 100vw, 1024px\" \/><\/figure>\n<\/figure>\n\n\n\n<hr class=\"wp-block-separator has-alpha-channel-opacity\"\/>\n\n\n\n<p class=\"has-vivid-cyan-blue-color has-text-color has-link-color wp-elements-6ddf8b72c72459d99cd92e8fac7013cd\"><strong><em>6 d\u00e9cembre 2025<\/em><\/strong><\/p>\n\n\n\n<p><a><\/a>Il reste des places pour la semaine prochaine ! Une centaine sur 300 pour chacun des 4 jours de repr\u00e9sentation ! Ne ratez pas \u00e7a ! T\u00e9l\u00e9phonez vite \u00e0 Odile au 06.89.40.36.87 <img loading=\"lazy\" decoding=\"async\" height=\"16\" width=\"16\" alt=\"\ud83d\ude42\" src=\"https:\/\/static.xx.fbcdn.net\/images\/emoji.php\/v9\/t4c\/1\/16\/1f642.png\"><\/p>\n\n\n\n<figure class=\"wp-block-image size-full\"><img loading=\"lazy\" decoding=\"async\" width=\"600\" height=\"400\" src=\"http:\/\/theatre-cancoillotte.fr\/wp-content\/uploads\/2019\/10\/pk.jpg\" alt=\"\" class=\"wp-image-1054\" srcset=\"http:\/\/theatre-cancoillotte.fr\/wp-content\/uploads\/2019\/10\/pk.jpg 600w, http:\/\/theatre-cancoillotte.fr\/wp-content\/uploads\/2019\/10\/pk-300x200.jpg 300w\" sizes=\"(max-width: 600px) 100vw, 600px\" \/><\/figure>\n\n\n\n<hr class=\"wp-block-separator has-alpha-channel-opacity\"\/>\n\n\n\n<p class=\"has-vivid-cyan-blue-color has-text-color has-link-color wp-elements-f3ae81b172d6ffb44479c87e387a3d11\"><strong><em>18 octobre 2025<\/em><\/strong><\/p>\n\n\n\n<p>Bonjour \u00e0 toutes et \u00e0 tous,<\/p>\n\n\n\n<p>La saison 2025 est lanc\u00e9e ! Notre d\u00e9pliant est pr\u00eat, le voici ci-dessous, merci de le diffuser \u00e0 vos familles, amis, contacts. Nous esp\u00e9rons encore un grand succ\u00e8s cette ann\u00e9e, au vu du nombre de personnes \u00e0 qui nous avons d\u00fb refuser l&rsquo;entr\u00e9e l&rsquo;an dernier pour cause de salle pleine, et \u00e0 celles qui nous ont promis de revenir revoir cette pi\u00e8ce &#8230; avec d&rsquo;autres personnes !<\/p>\n\n\n\n<p>Si vous d\u00e9sirez recevoir notre d\u00e9pliant par la poste, merci de nous communiquer vos coordonn\u00e9es gr\u00e2ce au formulaire du menu \u00ab\u00a0Contact\u00a0\u00bb.<\/p>\n\n\n\n<p>Par ailleurs, nous existons d\u00e9sormais sur :<\/p>\n\n\n\n<p><a href=\"https:\/\/www.instagram.com\/theatre_cancoillotte\">https:\/\/www.instagram.com\/theatre_cancoillotte<\/a><\/p>\n\n\n\n<p>Si vous pouvez \u00ab\u00a0suivre\u00a0\u00bb cette page, merci, \u00e7a nous fera de la publicit\u00e9 <img loading=\"lazy\" decoding=\"async\" height=\"16\" width=\"16\" alt=\"\ud83d\ude42\" src=\"https:\/\/static.xx.fbcdn.net\/images\/emoji.php\/v9\/t4c\/1\/16\/1f642.png\"><\/p>\n\n\n\n<p>Merci \u00e0 vous et \u00e0 bient\u00f4t au th\u00e9\u00e2tre !<\/p>\n\n\n\n<div data-wp-interactive=\"core\/file\" class=\"wp-block-file\"><object data-wp-bind--hidden=\"!state.hasPdfPreview\" hidden class=\"wp-block-file__embed\" data=\"http:\/\/theatre-cancoillotte.fr\/wp-content\/uploads\/2025\/10\/Depliant-The-a-la-menthe-ou-tes-citron-2025.pdf\" type=\"application\/pdf\" style=\"width:100%;height:600px\" aria-label=\"Contenu embarqu\u00e9 D\u00e9pliant - Th\u00e9 \u00e0 la menthe ou t&apos;es citron - 2025.\"><\/object><a id=\"wp-block-file--media-3ceaddbd-9e07-419e-88a8-bd39a1e8bd1b\" href=\"http:\/\/theatre-cancoillotte.fr\/wp-content\/uploads\/2025\/10\/Depliant-The-a-la-menthe-ou-tes-citron-2025.pdf\">D\u00e9pliant &#8211; Th\u00e9 \u00e0 la menthe ou t&rsquo;es citron &#8211; 2025<\/a><a href=\"http:\/\/theatre-cancoillotte.fr\/wp-content\/uploads\/2025\/10\/Depliant-The-a-la-menthe-ou-tes-citron-2025.pdf\" class=\"wp-block-file__button wp-element-button\" download aria-describedby=\"wp-block-file--media-3ceaddbd-9e07-419e-88a8-bd39a1e8bd1b\">T\u00e9l\u00e9charger<\/a><\/div>\n\n\n\n<hr class=\"wp-block-separator has-alpha-channel-opacity\"\/>\n\n\n\n<p class=\"has-vivid-cyan-blue-color has-text-color has-link-color wp-elements-6e442f3ccdcd84f04bed2ea6bd2b80a8\"><strong><em>18 mai 2025<\/em><\/strong><\/p>\n\n\n\n<p>Bonjour \u00e0 toutes et \u00e0 tous,<\/p>\n\n\n\n<p>Une magnifique soir\u00e9e hier \u00e0 Amathay-V\u00e9signeux (pr\u00e8s de Chantrans) o\u00f9 nous avons assist\u00e9 \u00e0 une tr\u00e8s belle pi\u00e8ce de Feydeau admirablement interpr\u00e9t\u00e9e et mise en sc\u00e8ne par la troupe \u00ab\u00a0<a href=\"https:\/\/www.facebook.com\/profile.php?id=100090155246001\" target=\"_blank\" rel=\"noreferrer noopener\">Th\u00e9\u00e2tre Maridelle<\/a>\u00a0\u00bb de Quingey. Rires, \u00e9motion, cr\u00e9ativit\u00e9, \u00e9nergie, tout y \u00e9tait, bravo \u00e0 eux ! Vous trouverez quelques photos sur leur page Facebook (lien ci-dessus).<\/p>\n\n\n\n<p>Il reste une seule repr\u00e9sentation ce dimanche \u00e0 15 heures mais je crains que tout soit r\u00e9serv\u00e9 dans cette charmante petite salle de 90 places.<\/p>\n\n\n\n<p>Une troupe \u00e0 suivre !<\/p>\n\n\n\n<figure class=\"wp-block-gallery has-nested-images columns-default is-cropped wp-block-gallery-3 is-layout-flex wp-block-gallery-is-layout-flex\">\n<figure class=\"wp-block-image size-large\"><img loading=\"lazy\" decoding=\"async\" width=\"1024\" height=\"725\" data-id=\"1725\" src=\"http:\/\/theatre-cancoillotte.fr\/wp-content\/uploads\/2025\/05\/img20250518_09331039-1024x725.jpg\" alt=\"\" class=\"wp-image-1725\" srcset=\"http:\/\/theatre-cancoillotte.fr\/wp-content\/uploads\/2025\/05\/img20250518_09331039-1024x725.jpg 1024w, http:\/\/theatre-cancoillotte.fr\/wp-content\/uploads\/2025\/05\/img20250518_09331039-300x212.jpg 300w, http:\/\/theatre-cancoillotte.fr\/wp-content\/uploads\/2025\/05\/img20250518_09331039-768x543.jpg 768w, http:\/\/theatre-cancoillotte.fr\/wp-content\/uploads\/2025\/05\/img20250518_09331039-1536x1087.jpg 1536w, http:\/\/theatre-cancoillotte.fr\/wp-content\/uploads\/2025\/05\/img20250518_09331039-2048x1449.jpg 2048w\" sizes=\"(max-width: 1024px) 100vw, 1024px\" \/><\/figure>\n\n\n\n<figure class=\"wp-block-image size-large\"><img loading=\"lazy\" decoding=\"async\" width=\"1024\" height=\"725\" data-id=\"1724\" src=\"http:\/\/theatre-cancoillotte.fr\/wp-content\/uploads\/2025\/05\/img20250518_09380919-1024x725.jpg\" alt=\"\" class=\"wp-image-1724\" srcset=\"http:\/\/theatre-cancoillotte.fr\/wp-content\/uploads\/2025\/05\/img20250518_09380919-1024x725.jpg 1024w, http:\/\/theatre-cancoillotte.fr\/wp-content\/uploads\/2025\/05\/img20250518_09380919-300x212.jpg 300w, http:\/\/theatre-cancoillotte.fr\/wp-content\/uploads\/2025\/05\/img20250518_09380919-768x543.jpg 768w, http:\/\/theatre-cancoillotte.fr\/wp-content\/uploads\/2025\/05\/img20250518_09380919-1536x1087.jpg 1536w, http:\/\/theatre-cancoillotte.fr\/wp-content\/uploads\/2025\/05\/img20250518_09380919-2048x1449.jpg 2048w\" sizes=\"(max-width: 1024px) 100vw, 1024px\" \/><\/figure>\n<\/figure>\n\n\n\n<hr class=\"wp-block-separator has-alpha-channel-opacity\"\/>\n\n\n\n<p class=\"has-vivid-cyan-blue-color has-text-color has-link-color wp-elements-ad26bc9eaf5d12ca0e02d6e4e5af6d88\"><em><strong>16 mars 2025<\/strong><\/em><\/p>\n\n\n\n<p>Bonjour \u00e0 toutes et \u00e0 tous.<\/p>\n\n\n\n<p>Beaucoup d&rsquo;\u00e9v\u00e9nements ces temps-ci, voici de la lecture !<\/p>\n\n\n\n<p>Comme tous les ans s&rsquo;est d\u00e9roul\u00e9e hier notre sympathique c\u00e9r\u00e9monie de remise des ch\u00e8ques aux trois associations que nous avions \u00e9lues pour 2024. Gr\u00e2ce \u00e0 vous cher public et \u00e0 votre pr\u00e9sence fid\u00e8le et importante, elles ont pu b\u00e9n\u00e9ficier cette ann\u00e9e de 2000 euros chacune. <\/p>\n\n\n\n<p>Nous avions \u00e9galement invit\u00e9 \u00e0 cette r\u00e9union les deux associations candidates pour 2025, \u00ab\u00a0Les petits bras\u00a0\u00bb qui s&rsquo;occupe d&rsquo;un dispensaire au S\u00e9n\u00e9gal, et \u00ab\u00a0Le Liseron\u00a0\u00bb qui aide au CHU les personnes atteintes de leuc\u00e9mie, lymphomes, etc, en leur proposant des services \u00e0 la personne et des activit\u00e9s. <\/p>\n\n\n\n<p>Tout cela s&rsquo;est d\u00e9roul\u00e9 dans un climat de bienveillance et d&rsquo;engagement qui nous conforte dans nos actions. <\/p>\n\n\n\n<p>Ensuite, une grande nouvelle : devant le succ\u00e8s de la pi\u00e8ce de 2024, <em>Th\u00e9 \u00e0 la menthe ou t&rsquo;es citron<\/em>, nous avons d\u00e9cid\u00e9 de la rejouer en 2025, <strong><em>du 11 au 14 d\u00e9cembre<\/em><\/strong>. Des pr\u00e9cisions vous seront donn\u00e9es en temps utile, mais vous pouvez d&rsquo;ores et d\u00e9j\u00e0 parler de cet \u00e9v\u00e9nement autour de vous, et pourquoi pas, revenir voir la pi\u00e8ce ! Un acteur sera d&rsquo;ailleurs remplac\u00e9 dans le r\u00f4le de Robert.<\/p>\n\n\n\n<p>Voil\u00e0, c&rsquo;est tout pour aujourd&rsquo;hui ! Ci-dessous trois photos de la r\u00e9union des associations d&rsquo;hier.<\/p>\n\n\n\n<p>Bonne continuation et \u00e0 bient\u00f4t au th\u00e9\u00e2tre !<\/p>\n\n\n\n<figure class=\"wp-block-gallery has-nested-images columns-default is-cropped wp-block-gallery-4 is-layout-flex wp-block-gallery-is-layout-flex\">\n<figure class=\"wp-block-image size-large\"><img loading=\"lazy\" decoding=\"async\" width=\"1024\" height=\"768\" data-id=\"1717\" src=\"http:\/\/theatre-cancoillotte.fr\/wp-content\/uploads\/2025\/03\/01-1024x768.jpg\" alt=\"\" class=\"wp-image-1717\" srcset=\"http:\/\/theatre-cancoillotte.fr\/wp-content\/uploads\/2025\/03\/01-1024x768.jpg 1024w, http:\/\/theatre-cancoillotte.fr\/wp-content\/uploads\/2025\/03\/01-300x225.jpg 300w, http:\/\/theatre-cancoillotte.fr\/wp-content\/uploads\/2025\/03\/01-768x576.jpg 768w, http:\/\/theatre-cancoillotte.fr\/wp-content\/uploads\/2025\/03\/01-1536x1152.jpg 1536w, http:\/\/theatre-cancoillotte.fr\/wp-content\/uploads\/2025\/03\/01.jpg 2000w\" sizes=\"(max-width: 1024px) 100vw, 1024px\" \/><\/figure>\n\n\n\n<figure class=\"wp-block-image size-large\"><img loading=\"lazy\" decoding=\"async\" width=\"1024\" height=\"768\" data-id=\"1716\" src=\"http:\/\/theatre-cancoillotte.fr\/wp-content\/uploads\/2025\/03\/02-1024x768.jpg\" alt=\"\" class=\"wp-image-1716\" srcset=\"http:\/\/theatre-cancoillotte.fr\/wp-content\/uploads\/2025\/03\/02-1024x768.jpg 1024w, http:\/\/theatre-cancoillotte.fr\/wp-content\/uploads\/2025\/03\/02-300x225.jpg 300w, http:\/\/theatre-cancoillotte.fr\/wp-content\/uploads\/2025\/03\/02-768x576.jpg 768w, http:\/\/theatre-cancoillotte.fr\/wp-content\/uploads\/2025\/03\/02-1536x1152.jpg 1536w, http:\/\/theatre-cancoillotte.fr\/wp-content\/uploads\/2025\/03\/02.jpg 2000w\" sizes=\"(max-width: 1024px) 100vw, 1024px\" \/><\/figure>\n\n\n\n<figure class=\"wp-block-image size-large\"><img loading=\"lazy\" decoding=\"async\" width=\"1024\" height=\"768\" data-id=\"1718\" src=\"http:\/\/theatre-cancoillotte.fr\/wp-content\/uploads\/2025\/03\/03-1024x768.jpg\" alt=\"\" class=\"wp-image-1718\" srcset=\"http:\/\/theatre-cancoillotte.fr\/wp-content\/uploads\/2025\/03\/03-1024x768.jpg 1024w, http:\/\/theatre-cancoillotte.fr\/wp-content\/uploads\/2025\/03\/03-300x225.jpg 300w, http:\/\/theatre-cancoillotte.fr\/wp-content\/uploads\/2025\/03\/03-768x576.jpg 768w, http:\/\/theatre-cancoillotte.fr\/wp-content\/uploads\/2025\/03\/03-1536x1152.jpg 1536w, http:\/\/theatre-cancoillotte.fr\/wp-content\/uploads\/2025\/03\/03.jpg 2000w\" sizes=\"(max-width: 1024px) 100vw, 1024px\" \/><\/figure>\n<\/figure>\n\n\n\n<hr class=\"wp-block-separator has-alpha-channel-opacity\"\/>\n\n\n\n<p class=\"has-vivid-cyan-blue-color has-text-color has-link-color wp-elements-54d43e6a62178d6043bfca6f391c8f0a\"><em>1<strong>er janvier 2025<\/strong><\/em><\/p>\n\n\n\n<figure class=\"wp-block-image size-full\"><img loading=\"lazy\" decoding=\"async\" width=\"800\" height=\"450\" src=\"http:\/\/theatre-cancoillotte.fr\/wp-content\/uploads\/2025\/01\/ba2025-theatre.jpg\" alt=\"\" class=\"wp-image-1709\" srcset=\"http:\/\/theatre-cancoillotte.fr\/wp-content\/uploads\/2025\/01\/ba2025-theatre.jpg 800w, http:\/\/theatre-cancoillotte.fr\/wp-content\/uploads\/2025\/01\/ba2025-theatre-300x169.jpg 300w, http:\/\/theatre-cancoillotte.fr\/wp-content\/uploads\/2025\/01\/ba2025-theatre-768x432.jpg 768w\" sizes=\"(max-width: 800px) 100vw, 800px\" \/><\/figure>\n\n\n\n<hr class=\"wp-block-separator has-alpha-channel-opacity\"\/>\n\n\n\n<p class=\"has-vivid-cyan-blue-color has-text-color has-link-color wp-elements-45de89f4a45476f427ba3452c63fe0aa\"><strong><em>24 d\u00e9cembre 2024<\/em><\/strong><\/p>\n\n\n\n<p>La Compagnie de Th\u00e9\u00e2tre de la Cancoillotte vous souhaite de belles f\u00eates de fin d&rsquo;ann\u00e9e ! A tr\u00e8s bient\u00f4t !<\/p>\n\n\n<div class=\"wp-block-image\">\n<figure class=\"aligncenter size-large is-resized\"><img loading=\"lazy\" decoding=\"async\" width=\"1024\" height=\"669\" src=\"http:\/\/theatre-cancoillotte.fr\/wp-content\/uploads\/2024\/12\/joyeuses-fetes-de-fin-dannee-1024x669.jpg\" alt=\"\" class=\"wp-image-1677\" style=\"width:484px;height:auto\" srcset=\"http:\/\/theatre-cancoillotte.fr\/wp-content\/uploads\/2024\/12\/joyeuses-fetes-de-fin-dannee-1024x669.jpg 1024w, http:\/\/theatre-cancoillotte.fr\/wp-content\/uploads\/2024\/12\/joyeuses-fetes-de-fin-dannee-300x196.jpg 300w, http:\/\/theatre-cancoillotte.fr\/wp-content\/uploads\/2024\/12\/joyeuses-fetes-de-fin-dannee-768x502.jpg 768w, http:\/\/theatre-cancoillotte.fr\/wp-content\/uploads\/2024\/12\/joyeuses-fetes-de-fin-dannee.jpg 1424w\" sizes=\"(max-width: 1024px) 100vw, 1024px\" \/><\/figure>\n<\/div>\n\n\n<p><\/p>\n\n\n\n<hr class=\"wp-block-separator has-alpha-channel-opacity\"\/>\n\n\n\n<p class=\"has-vivid-cyan-blue-color has-text-color has-link-color wp-elements-fc7749db6ddcd6cd22b92871d014a20f\"><strong><em>3 d\u00e9cembre 2024<\/em><\/strong><\/p>\n\n\n\n<p>Et voil\u00e0 ! C&rsquo;est termin\u00e9 pour cette ann\u00e9e. Comment exprimer en mots les sentiments de bonheur, de r\u00e9ussite, de partage, ressentis durant ces 7 repr\u00e9sentations ? <\/p>\n\n\n\n<p>Avant tout, merci \u00e0 vous cher public, qui nous avez tant donn\u00e9 ! Rires, applaudissements et salles pleines sont notre r\u00e9compense.<\/p>\n\n\n\n<p>Cette pi\u00e8ce a eu tant de succ\u00e8s (et nous avons d\u00fb malheureusement refuser tant de r\u00e9servations et de demandes) que nous nous interrogeons pour savoir si nous n&rsquo;allons pas la rejouer en 2025. Donnez-nous votre avis dans le formulaire de contact (menu \u00ab\u00a0Contact\u00a0\u00bb du site).<\/p>\n\n\n\n<p>Merci encore et \u00e0 bient\u00f4t pour d&rsquo;autres aventures !<\/p>\n\n\n\n<p><\/p>\n\n\n\n<hr class=\"wp-block-separator has-alpha-channel-opacity\"\/>\n\n\n\n<p class=\"has-vivid-cyan-blue-color has-text-color has-link-color wp-elements-4833f680f4e874165d035af3b175cfe7\"><strong><em>25 novembre 2024<\/em><\/strong><\/p>\n\n\n\n<p>Quatre jours complets, on voit rarement \u00e7a \u00e0 la Cancoillotte &#8230; Id\u00e9e : et si on la rejouait fin novembre 2025 ? Donnez-nous votre avis sur notre page Facebook :  <a href=\"https:\/\/www.facebook.com\/ctcb25\">https:\/\/www.facebook.com\/ctcb25<\/a><\/p>\n\n\n<div class=\"wp-block-image\">\n<figure class=\"aligncenter size-full is-resized\"><img loading=\"lazy\" decoding=\"async\" width=\"724\" height=\"1024\" src=\"http:\/\/theatre-cancoillotte.fr\/wp-content\/uploads\/2024\/11\/resa-25-11-2024.jpg\" alt=\"\" class=\"wp-image-1648\" style=\"width:470px;height:auto\" srcset=\"http:\/\/theatre-cancoillotte.fr\/wp-content\/uploads\/2024\/11\/resa-25-11-2024.jpg 724w, http:\/\/theatre-cancoillotte.fr\/wp-content\/uploads\/2024\/11\/resa-25-11-2024-212x300.jpg 212w\" sizes=\"(max-width: 724px) 100vw, 724px\" \/><\/figure>\n<\/div>\n\n\n<p><\/p>\n\n\n\n<hr class=\"wp-block-separator has-alpha-channel-opacity\"\/>\n\n\n\n<p class=\"has-vivid-cyan-blue-color has-text-color has-link-color wp-elements-b301ea6962e83475f10baa891a48bdc7\"><strong><em>13 novembre 2024<\/em><\/strong><\/p>\n\n\n\n<p>L&rsquo;\u00e9cole de musique <a href=\"http:\/\/www.amuso.fr\" target=\"_blank\" rel=\"noreferrer noopener\">Amuso<\/a> (400 \u00e9l\u00e8ves, 26 professeurs dans toutes les disciplines) a propos\u00e9 une pr\u00e9sentation de la pi\u00e8ce de cette ann\u00e9e au moyen d&rsquo;une interview de votre d\u00e9vou\u00e9 pr\u00e9sident \ud83d\ude09 agr\u00e9ment\u00e9e de quelques sc\u00e8nes d&rsquo;une r\u00e9p\u00e9tition. La voici.<\/p>\n\n\n\n<figure class=\"wp-block-video\"><video height=\"720\" style=\"aspect-ratio: 1280 \/ 720;\" width=\"1280\" controls src=\"http:\/\/theatre-cancoillotte.fr\/wp-content\/uploads\/2024\/11\/Saison-3-Episode-2-Web-TV-YouTube.mp4\"><\/video><\/figure>\n\n\n\n<hr class=\"wp-block-separator has-alpha-channel-opacity\"\/>\n\n\n\n<p class=\"has-vivid-cyan-blue-color has-text-color has-link-color wp-elements-965297311b4f02a7efa505875098b9f3\"><strong><em>27 octobre 2024<\/em><\/strong><\/p>\n\n\n\n<p>\u00c7a se g\u00e2te &#8230;\ud83d\ude04<\/p>\n\n\n<div class=\"wp-block-image\">\n<figure class=\"aligncenter size-full\"><img loading=\"lazy\" decoding=\"async\" width=\"319\" height=\"140\" src=\"http:\/\/theatre-cancoillotte.fr\/wp-content\/uploads\/2024\/10\/complet.jpg\" alt=\"\" class=\"wp-image-1631\" srcset=\"http:\/\/theatre-cancoillotte.fr\/wp-content\/uploads\/2024\/10\/complet.jpg 319w, http:\/\/theatre-cancoillotte.fr\/wp-content\/uploads\/2024\/10\/complet-300x132.jpg 300w\" sizes=\"(max-width: 319px) 100vw, 319px\" \/><\/figure>\n<\/div>\n\n\n<p><\/p>\n\n\n\n<p>Quel bonheur de voir que vous vous pr\u00e9cipitez pour nous voir ! Bon Halloween et \u00e0 bient\u00f4t !<\/p>\n\n\n\n<hr class=\"wp-block-separator has-alpha-channel-opacity\"\/>\n\n\n\n<p class=\"has-vivid-cyan-blue-color has-text-color has-link-color wp-elements-30e94f83db47b77744b2397058a33850\"><strong><em>17 octobre 2024<\/em><\/strong><\/p>\n\n\n<div class=\"wp-block-image\">\n<figure class=\"aligncenter size-full\"><img loading=\"lazy\" decoding=\"async\" width=\"319\" height=\"140\" src=\"http:\/\/theatre-cancoillotte.fr\/wp-content\/uploads\/2024\/10\/complet-01-12-2024.jpg\" alt=\"\" class=\"wp-image-1625\" srcset=\"http:\/\/theatre-cancoillotte.fr\/wp-content\/uploads\/2024\/10\/complet-01-12-2024.jpg 319w, http:\/\/theatre-cancoillotte.fr\/wp-content\/uploads\/2024\/10\/complet-01-12-2024-300x132.jpg 300w\" sizes=\"(max-width: 319px) 100vw, 319px\" \/><\/figure>\n<\/div>\n\n\n<p>Bonjour \u00e0 toutes et \u00e0 tous.<\/p>\n\n\n\n<p>H\u00e9 oui ! Comme tous les ans et malgr\u00e9 nos recommandations, tout le monde se pr\u00e9cipite sur les derni\u00e8res s\u00e9ances ! \ud83d\ude00   Bon, on ne va pas se plaindre, et il faut reconna\u00eetre que cette situation est assez rare un mois et demi avant les repr\u00e9sentations !<\/p>\n\n\n\n<p>Il reste environ 80 places jeudi 28\/11, 40 places vendredi 29\/11, et 40 places samedi 30\/11. D\u00e9p\u00eachez-vous ! \ud83d\ude09 <\/p>\n\n\n\n<p>A tr\u00e8s vite !<\/p>\n\n\n\n<hr class=\"wp-block-separator has-alpha-channel-opacity\"\/>\n\n\n\n<p class=\"has-vivid-cyan-blue-color has-text-color has-link-color wp-elements-55f85f525c5bc5adcdc870906ce37691\"><strong><em>1er octobre 2024<\/em><\/strong><\/p>\n\n\n\n<p>Bonjour \u00e0 toutes et \u00e0 tous,<\/p>\n\n\n\n<p>Voil\u00e0 notre premi\u00e8re s\u00e9rie de repr\u00e9sentations 2024 termin\u00e9e. Comme \u00e0 l&rsquo;accoutum\u00e9e, ce furent de grands moments d&rsquo;\u00e9change avec vous cher public ! Rires, applaudissements, c&rsquo;est la r\u00e9compense que vous donnez \u00e0 tous les membres de notre compagnie, et on en redemande ! Merci !<\/p>\n\n\n\n<p>Nous avons eu \u00e9galement le plaisir de rencontrer des membres des associations que nous soutenons, merci \u00e0 eux.<\/p>\n\n\n\n<p>Nous avons d\u00e9j\u00e0 h\u00e2te de recommencer fin novembre, et comme l&rsquo;a dit fort justement notre metteuse en sc\u00e8ne de cette ann\u00e9e, Anne-Marie Perrot, n&rsquo;h\u00e9sitez pas \u00e0 partager vos bonnes impressions et souvenirs avec vos proches pour les encourager \u00e0 venir nous voir \ud83d\ude42<\/p>\n\n\n\n<p>Merci et \u00e0 bient\u00f4t pour la suite.<\/p>\n\n\n\n<hr class=\"wp-block-separator has-alpha-channel-opacity\"\/>\n\n\n\n<p class=\"has-vivid-cyan-blue-color has-text-color has-link-color wp-elements-3141e3b4b4155e4d93415b8f48763318\"><em><strong>28 septembre 2024<\/strong><\/em><\/p>\n\n\n\n<p>Merci <strong><em>L&rsquo;Est R\u00e9publicain Besan\u00e7on<\/em><\/strong> pour ce sympathique article qui donne envie de venir voir notre spectacle \ud83d\ude42<br>Juste deux petites corrections : nous sommes 7 sur sc\u00e8ne cette ann\u00e9e et non 4, et le dimanche 29 septembre, c&rsquo;est \u00e0 15 heures \ud83d\ude42<br>La premi\u00e8re hier soir \u00e9tait parfaite, avec un public enthousiaste comme toujours \ud83d\udc4d<\/p>\n\n\n\n<figure class=\"wp-block-image size-full\"><img loading=\"lazy\" decoding=\"async\" width=\"457\" height=\"745\" src=\"http:\/\/theatre-cancoillotte.fr\/wp-content\/uploads\/2024\/09\/Article-ER-28-09-2024.jpg\" alt=\"\" class=\"wp-image-1613\" srcset=\"http:\/\/theatre-cancoillotte.fr\/wp-content\/uploads\/2024\/09\/Article-ER-28-09-2024.jpg 457w, http:\/\/theatre-cancoillotte.fr\/wp-content\/uploads\/2024\/09\/Article-ER-28-09-2024-184x300.jpg 184w\" sizes=\"(max-width: 457px) 100vw, 457px\" \/><\/figure>\n\n\n\n<hr class=\"wp-block-separator has-alpha-channel-opacity\"\/>\n\n\n\n<p class=\"has-vivid-cyan-blue-color has-text-color has-link-color wp-elements-a6c0028d39daebb7da49adfec907448b\"><strong><em>3 septembre 2024<\/em><\/strong><\/p>\n\n\n\n<p>Un petit rappel pour r\u00e9pondre \u00e0 la question de nombreuses personnes \ud83d\ude09<\/p>\n\n\n\n<p>Vous pouvez r\u00e9server par t\u00e9l\u00e9phone aupr\u00e8s de Mme Odile Marcoux au 06.89.40.36.87, du lundi au vendredi de 16h \u00e0 20h et le samedi de 9h \u00e0 12h.<\/p>\n\n\n\n<p>Le retrait des billets et le r\u00e8glement se font sur place lors des repr\u00e9sentations au petit Kursaal de Besan\u00e7on, 2 place du th\u00e9\u00e2tre (il est conseill\u00e9 de venir au moins 1\/2h avant le d\u00e9but du spectacle). Le placement est libre.<\/p>\n\n\n\n<p>Il reste de la place, surtout lors des s\u00e9ances de fin septembre.<\/p>\n\n\n\n<p>Bonne journ\u00e9e et \u00e0 bient\u00f4t au th\u00e9\u00e2tre !<\/p>\n\n\n\n<hr class=\"wp-block-separator has-alpha-channel-opacity\"\/>\n\n\n\n<p class=\"has-vivid-cyan-blue-color has-text-color has-link-color wp-elements-f18fc5a62bdb51bcc6968daaccf6143f\"><strong><em>23 ao\u00fbt 2024<\/em><\/strong><\/p>\n\n\n\n<p>Bonjour \u00e0 toutes et \u00e0 tous,<\/p>\n\n\n\n<p>Comme tous les ans \u00e0 cette \u00e9poque, beaucoup de membres de notre troupe se sont r\u00e9unis hier pour la traditionnelle mise sous pli des d\u00e9pliants 2024, qui ont \u00e9t\u00e9 post\u00e9s ce matin (il y en a environ 1800 cette ann\u00e9e). C&rsquo;est une \u00e9tape importante de notre communication, et nos fid\u00e8les spectateurs aiment recevoir par la poste ce document, sur lequel toutes les informations utiles sont indiqu\u00e9es, et qui permet d&rsquo;effectuer sa r\u00e9servation.<\/p>\n\n\n\n<p>Ci-dessous, quelques photos de ce moment sympathique.<\/p>\n\n\n\n<figure class=\"wp-block-gallery has-nested-images columns-default is-cropped wp-block-gallery-5 is-layout-flex wp-block-gallery-is-layout-flex\">\n<figure class=\"wp-block-image size-large\"><img loading=\"lazy\" decoding=\"async\" width=\"768\" height=\"1024\" data-id=\"1606\" src=\"http:\/\/theatre-cancoillotte.fr\/wp-content\/uploads\/2024\/09\/Mise-sous-pli-2024-01-768x1024.jpg\" alt=\"\" class=\"wp-image-1606\" srcset=\"http:\/\/theatre-cancoillotte.fr\/wp-content\/uploads\/2024\/09\/Mise-sous-pli-2024-01-768x1024.jpg 768w, http:\/\/theatre-cancoillotte.fr\/wp-content\/uploads\/2024\/09\/Mise-sous-pli-2024-01-225x300.jpg 225w, http:\/\/theatre-cancoillotte.fr\/wp-content\/uploads\/2024\/09\/Mise-sous-pli-2024-01-1152x1536.jpg 1152w, http:\/\/theatre-cancoillotte.fr\/wp-content\/uploads\/2024\/09\/Mise-sous-pli-2024-01-1536x2048.jpg 1536w, http:\/\/theatre-cancoillotte.fr\/wp-content\/uploads\/2024\/09\/Mise-sous-pli-2024-01-scaled.jpg 1920w\" sizes=\"(max-width: 768px) 100vw, 768px\" \/><\/figure>\n\n\n\n<figure class=\"wp-block-image size-large\"><img loading=\"lazy\" decoding=\"async\" width=\"768\" height=\"1024\" data-id=\"1605\" src=\"http:\/\/theatre-cancoillotte.fr\/wp-content\/uploads\/2024\/09\/Mise-sous-pli-2024-02-768x1024.jpg\" alt=\"\" class=\"wp-image-1605\" srcset=\"http:\/\/theatre-cancoillotte.fr\/wp-content\/uploads\/2024\/09\/Mise-sous-pli-2024-02-768x1024.jpg 768w, http:\/\/theatre-cancoillotte.fr\/wp-content\/uploads\/2024\/09\/Mise-sous-pli-2024-02-225x300.jpg 225w, http:\/\/theatre-cancoillotte.fr\/wp-content\/uploads\/2024\/09\/Mise-sous-pli-2024-02-1152x1536.jpg 1152w, http:\/\/theatre-cancoillotte.fr\/wp-content\/uploads\/2024\/09\/Mise-sous-pli-2024-02-1536x2048.jpg 1536w, http:\/\/theatre-cancoillotte.fr\/wp-content\/uploads\/2024\/09\/Mise-sous-pli-2024-02-scaled.jpg 1920w\" sizes=\"(max-width: 768px) 100vw, 768px\" \/><\/figure>\n\n\n\n<figure class=\"wp-block-image size-large\"><img loading=\"lazy\" decoding=\"async\" width=\"1024\" height=\"768\" data-id=\"1602\" src=\"http:\/\/theatre-cancoillotte.fr\/wp-content\/uploads\/2024\/09\/Mise-sous-pli-2024-03-1024x768.jpg\" alt=\"\" class=\"wp-image-1602\" srcset=\"http:\/\/theatre-cancoillotte.fr\/wp-content\/uploads\/2024\/09\/Mise-sous-pli-2024-03-1024x768.jpg 1024w, http:\/\/theatre-cancoillotte.fr\/wp-content\/uploads\/2024\/09\/Mise-sous-pli-2024-03-300x225.jpg 300w, http:\/\/theatre-cancoillotte.fr\/wp-content\/uploads\/2024\/09\/Mise-sous-pli-2024-03-768x576.jpg 768w, http:\/\/theatre-cancoillotte.fr\/wp-content\/uploads\/2024\/09\/Mise-sous-pli-2024-03-1536x1152.jpg 1536w, http:\/\/theatre-cancoillotte.fr\/wp-content\/uploads\/2024\/09\/Mise-sous-pli-2024-03-2048x1536.jpg 2048w\" sizes=\"(max-width: 1024px) 100vw, 1024px\" \/><\/figure>\n\n\n\n<figure class=\"wp-block-image size-large\"><img loading=\"lazy\" decoding=\"async\" width=\"1024\" height=\"768\" data-id=\"1604\" src=\"http:\/\/theatre-cancoillotte.fr\/wp-content\/uploads\/2024\/09\/Mise-sous-pli-2024-04-1024x768.jpg\" alt=\"\" class=\"wp-image-1604\" srcset=\"http:\/\/theatre-cancoillotte.fr\/wp-content\/uploads\/2024\/09\/Mise-sous-pli-2024-04-1024x768.jpg 1024w, http:\/\/theatre-cancoillotte.fr\/wp-content\/uploads\/2024\/09\/Mise-sous-pli-2024-04-300x225.jpg 300w, http:\/\/theatre-cancoillotte.fr\/wp-content\/uploads\/2024\/09\/Mise-sous-pli-2024-04-768x576.jpg 768w, http:\/\/theatre-cancoillotte.fr\/wp-content\/uploads\/2024\/09\/Mise-sous-pli-2024-04-1536x1152.jpg 1536w, http:\/\/theatre-cancoillotte.fr\/wp-content\/uploads\/2024\/09\/Mise-sous-pli-2024-04-2048x1536.jpg 2048w\" sizes=\"(max-width: 1024px) 100vw, 1024px\" \/><\/figure>\n\n\n\n<figure class=\"wp-block-image size-large\"><img loading=\"lazy\" decoding=\"async\" width=\"1024\" height=\"768\" data-id=\"1603\" src=\"http:\/\/theatre-cancoillotte.fr\/wp-content\/uploads\/2024\/09\/Mise-sous-pli-2024-05-1024x768.jpg\" alt=\"\" class=\"wp-image-1603\" srcset=\"http:\/\/theatre-cancoillotte.fr\/wp-content\/uploads\/2024\/09\/Mise-sous-pli-2024-05-1024x768.jpg 1024w, http:\/\/theatre-cancoillotte.fr\/wp-content\/uploads\/2024\/09\/Mise-sous-pli-2024-05-300x225.jpg 300w, http:\/\/theatre-cancoillotte.fr\/wp-content\/uploads\/2024\/09\/Mise-sous-pli-2024-05-768x576.jpg 768w, http:\/\/theatre-cancoillotte.fr\/wp-content\/uploads\/2024\/09\/Mise-sous-pli-2024-05-1536x1152.jpg 1536w, http:\/\/theatre-cancoillotte.fr\/wp-content\/uploads\/2024\/09\/Mise-sous-pli-2024-05-2048x1536.jpg 2048w\" sizes=\"(max-width: 1024px) 100vw, 1024px\" \/><\/figure>\n<\/figure>\n\n\n\n<hr class=\"wp-block-separator has-alpha-channel-opacity\"\/>\n\n\n\n<p class=\"has-vivid-cyan-blue-color has-text-color has-link-color wp-elements-017cfca976430ca49f4c6b073d693696\"><strong><em>15 ao\u00fbt 2024<\/em><\/strong><\/p>\n\n\n\n<p>Je vous l&rsquo;avais dit : les voici ! Le d\u00e9pliant recto-verso et l&rsquo;affiche. Merci de les diffuser autour de vous, les imprimer, les distribuer, les l\u00e2cher d&rsquo;un avion par centaines ! <\/p>\n\n\n\n<p>Et une autre information : les enfants \u00e0 partir de 10 ans peuvent venir, l&rsquo;histoire n&rsquo;est pas scabreuse et il y a beaucoup de gags visuels qui leur plairont \ud83d\ude42<\/p>\n\n\n\n<figure class=\"wp-block-image size-large is-resized\"><img loading=\"lazy\" decoding=\"async\" width=\"1024\" height=\"724\" src=\"http:\/\/theatre-cancoillotte.fr\/wp-content\/uploads\/2024\/08\/Depliant-The-a-la-menthe-ou-tes-citron-2024_1-1024x724.jpg\" alt=\"\" class=\"wp-image-1596\" style=\"width:724px;height:auto\" srcset=\"http:\/\/theatre-cancoillotte.fr\/wp-content\/uploads\/2024\/08\/Depliant-The-a-la-menthe-ou-tes-citron-2024_1-1024x724.jpg 1024w, http:\/\/theatre-cancoillotte.fr\/wp-content\/uploads\/2024\/08\/Depliant-The-a-la-menthe-ou-tes-citron-2024_1-300x212.jpg 300w, http:\/\/theatre-cancoillotte.fr\/wp-content\/uploads\/2024\/08\/Depliant-The-a-la-menthe-ou-tes-citron-2024_1-768x543.jpg 768w, http:\/\/theatre-cancoillotte.fr\/wp-content\/uploads\/2024\/08\/Depliant-The-a-la-menthe-ou-tes-citron-2024_1-1536x1086.jpg 1536w, http:\/\/theatre-cancoillotte.fr\/wp-content\/uploads\/2024\/08\/Depliant-The-a-la-menthe-ou-tes-citron-2024_1.jpg 2000w\" sizes=\"(max-width: 1024px) 100vw, 1024px\" \/><\/figure>\n\n\n\n<figure class=\"wp-block-image size-large is-resized\"><img loading=\"lazy\" decoding=\"async\" width=\"1024\" height=\"724\" src=\"http:\/\/theatre-cancoillotte.fr\/wp-content\/uploads\/2024\/08\/Depliant-The-a-la-menthe-ou-tes-citron-2024_2-1024x724.jpg\" alt=\"\" class=\"wp-image-1597\" style=\"width:727px;height:auto\" srcset=\"http:\/\/theatre-cancoillotte.fr\/wp-content\/uploads\/2024\/08\/Depliant-The-a-la-menthe-ou-tes-citron-2024_2-1024x724.jpg 1024w, http:\/\/theatre-cancoillotte.fr\/wp-content\/uploads\/2024\/08\/Depliant-The-a-la-menthe-ou-tes-citron-2024_2-300x212.jpg 300w, http:\/\/theatre-cancoillotte.fr\/wp-content\/uploads\/2024\/08\/Depliant-The-a-la-menthe-ou-tes-citron-2024_2-768x543.jpg 768w, http:\/\/theatre-cancoillotte.fr\/wp-content\/uploads\/2024\/08\/Depliant-The-a-la-menthe-ou-tes-citron-2024_2-1536x1086.jpg 1536w, http:\/\/theatre-cancoillotte.fr\/wp-content\/uploads\/2024\/08\/Depliant-The-a-la-menthe-ou-tes-citron-2024_2.jpg 2000w\" sizes=\"(max-width: 1024px) 100vw, 1024px\" \/><\/figure>\n\n\n\n<figure class=\"wp-block-image size-large is-resized\"><img loading=\"lazy\" decoding=\"async\" width=\"724\" height=\"1024\" src=\"http:\/\/theatre-cancoillotte.fr\/wp-content\/uploads\/2024\/08\/Affiche-The-a-la-menthe-ou-tes-citron-2024-724x1024.jpg\" alt=\"\" class=\"wp-image-1598\" style=\"width:544px;height:auto\" srcset=\"http:\/\/theatre-cancoillotte.fr\/wp-content\/uploads\/2024\/08\/Affiche-The-a-la-menthe-ou-tes-citron-2024-724x1024.jpg 724w, http:\/\/theatre-cancoillotte.fr\/wp-content\/uploads\/2024\/08\/Affiche-The-a-la-menthe-ou-tes-citron-2024-212x300.jpg 212w, http:\/\/theatre-cancoillotte.fr\/wp-content\/uploads\/2024\/08\/Affiche-The-a-la-menthe-ou-tes-citron-2024-768x1086.jpg 768w, http:\/\/theatre-cancoillotte.fr\/wp-content\/uploads\/2024\/08\/Affiche-The-a-la-menthe-ou-tes-citron-2024-1086x1536.jpg 1086w, http:\/\/theatre-cancoillotte.fr\/wp-content\/uploads\/2024\/08\/Affiche-The-a-la-menthe-ou-tes-citron-2024-1448x2048.jpg 1448w, http:\/\/theatre-cancoillotte.fr\/wp-content\/uploads\/2024\/08\/Affiche-The-a-la-menthe-ou-tes-citron-2024.jpg 1587w\" sizes=\"(max-width: 724px) 100vw, 724px\" \/><\/figure>\n\n\n\n<hr class=\"wp-block-separator has-alpha-channel-opacity\"\/>\n\n\n\n<p class=\"has-vivid-cyan-blue-color has-text-color has-link-color wp-elements-99b9e7876d163dcd5f2e4df64adf612c\"><em><strong>13 ao\u00fbt 2024<\/strong><\/em><\/p>\n\n\n\n<p>Bonjour \u00e0 toutes et \u00e0 tous,<\/p>\n\n\n\n<p>Quelques nouvelles de cette p\u00e9riode d&rsquo;\u00e9t\u00e9.<\/p>\n\n\n\n<p>Nous allons bient\u00f4t effectuer notre envoi postal des d\u00e9pliants-programmes ! Vous le recevrez sans doute d\u00e9but septembre, et vous y trouverez entre autres informations, les dates de nos repr\u00e9sentations :<\/p>\n\n\n\n<p><strong><em>Vendredi 27 septembre 2024 \u00e0 20 heures<\/em><\/strong><br><strong><em>Samedi 28 septembre 2024 \u00e0 20 heures<\/em><\/strong><br><strong><em>Dimanche 29 septembre 2024 \u00e0 15 heures<\/em><\/strong><\/p>\n\n\n\n<p><strong><em>Jeudi 28 novembre 2024 \u00e0 20 heures<\/em><\/strong><br><strong><em>Vendredi 29 novembre 2024 \u00e0 20 heures<\/em><\/strong><br><strong><em>Samedi 30 novembre 2024 \u00e0 20 heures<\/em><\/strong><br><strong><em>Dimanche 1er d\u00e9cembre 2024 \u00e0 15 heures<\/em><\/strong><\/p>\n\n\n\n<p>Si vous ne recevez pas ce d\u00e9pliant par la poste, et si vous d\u00e9sirez le recevoir pour les ann\u00e9es \u00e0 venir, merci de nous en informer sur le mail de la compagnie, en nous indiquant vos noms, adresse postale, n\u00b0 de t\u00e9l\u00e9phone et adresse mail.<\/p>\n\n\n\n<p>Notre adresse mail : <strong><em>theatre-cancoillotte@hotmail.com<\/em><\/strong><\/p>\n\n\n\n<p>Vous pouvez \u00e9galement nous contacter \u00e0 ce sujet par t\u00e9l\u00e9phone au 06 43 78 25 35 (Jacques Vieillescaze, pr\u00e9sident)<\/p>\n\n\n\n<p>Ce d\u00e9pliant sera bient\u00f4t \u00e9galement disponible ici en format JPG.<\/p>\n\n\n\n<p>Comme tous les ans, le projet en est quasiment \u00e0 son terme, il nous reste la fin du mois d&rsquo;ao\u00fbt et tout le mois de septembre pour peaufiner le tout et vous offrir un spectacle digne de notre r\u00e9putation !  \ud83d\ude09<\/p>\n\n\n\n<p>D&rsquo;ici l\u00e0, belle suite de vacances \u00e0 vous (pour celles et ceux qui en ont) et \u00e0 tr\u00e8s vite au th\u00e9\u00e2tre !<\/p>\n\n\n\n<hr class=\"wp-block-separator has-alpha-channel-opacity\"\/>\n\n\n\n<p class=\"has-vivid-cyan-blue-color has-text-color has-link-color wp-elements-cc24e4a63a3d7092550136557b6e9ef1\"><em><strong>28 f\u00e9vrier 2024<\/strong><\/em><\/p>\n\n\n\n<p> Eh bien voil\u00e0, le projet 2024 est lanc\u00e9, et bien lanc\u00e9 ! Nouvelle metteuse en sc\u00e8ne (qui a de l&rsquo;exp\u00e9rience), nouvelle \u00e9quipe d&rsquo;actrices et d&rsquo;acteurs (dont 2 r\u00e9ellement nouveaux qui viennent d&rsquo;int\u00e9grer la troupe), nouvelle pi\u00e8ce \u2026 dont nous ne dirons rien pour l&rsquo;instant ! L&rsquo;\u00e9quipe de costumi\u00e8res, d\u00e9corateurs, souffleuses, accessoiristes, se constitue \u00e9galement, et nos coiffeuses et maquilleuses se disent d\u00e9j\u00e0 pr\u00eates pour septembre   \ud83d\ude42 <\/p>\n\n\n\n<p>En tout cas, toujours le m\u00eame enthousiasme dans le groupe, la m\u00eame ambiance faite de rire et de s\u00e9rieux, la m\u00eame volont\u00e9 de pr\u00e9senter une fois encore un spectacle de qualit\u00e9 !<\/p>\n\n\n\n<p>Parall\u00e8lement, nous recevrons le 15 mars les 4 associations que nous avons choisies en 2023 afin de leur remettre leur ch\u00e8que de soutien, r\u00e9sultat de nos belles recettes, gr\u00e2ce \u00e0 vous cher public.<\/p>\n\n\n\n<p>A bient\u00f4t tout le monde, et vive le th\u00e9\u00e2tre !<\/p>\n\n\n\n<hr class=\"wp-block-separator has-alpha-channel-opacity\"\/>\n\n\n\n<p class=\"has-vivid-cyan-blue-color has-text-color has-link-color wp-elements-38a1c053370a24885d97cf8fed1a670e\"><strong><em>1er janvier 2024<\/em><\/strong><\/p>\n\n\n\n<figure class=\"wp-block-image size-full\"><img loading=\"lazy\" decoding=\"async\" width=\"1006\" height=\"553\" src=\"http:\/\/theatre-cancoillotte.fr\/wp-content\/uploads\/2024\/01\/ba2024-cancoillottte.jpg\" alt=\"\" class=\"wp-image-1581\" srcset=\"http:\/\/theatre-cancoillotte.fr\/wp-content\/uploads\/2024\/01\/ba2024-cancoillottte.jpg 1006w, http:\/\/theatre-cancoillotte.fr\/wp-content\/uploads\/2024\/01\/ba2024-cancoillottte-300x165.jpg 300w, http:\/\/theatre-cancoillotte.fr\/wp-content\/uploads\/2024\/01\/ba2024-cancoillottte-768x422.jpg 768w\" sizes=\"(max-width: 1006px) 100vw, 1006px\" \/><\/figure>\n\n\n\n<p><\/p>\n\n\n\n<hr class=\"wp-block-separator has-alpha-channel-opacity\"\/>\n\n\n<\/p>\n<div data-offset-key=\"1uc6j-0-0\">\u00a0<\/div>\n<div data-offset-key=\"1uc6j-0-0\">\u00a0<\/div>\n<hr \/>\n<div data-contents=\"true\">\n<div class=\"\" data-block=\"true\" data-editor=\"ar92o\" data-offset-key=\"1jmar-0-0\">\n<div id=\"js_4v\" class=\"_5pbx userContent _3576\" data-testid=\"post_message\" data-ft=\"{&quot;tn&quot;:&quot;K&quot;}\">\u00a0<\/div>\n<\/div>\n<\/div>","protected":false},"excerpt":{"rendered":"<p>28 mars 2026 Bonjour \u00e0 toutes et \u00e0 tous. Comme tous les ans s&rsquo;est d\u00e9roul\u00e9e aujourd&rsquo;hui notre sympathique c\u00e9r\u00e9monie de remise des ch\u00e8ques aux deux associations que nous avions \u00e9lues pour 2025. Gr\u00e2ce \u00e0 vous cher public et \u00e0 votre pr\u00e9sence fid\u00e8le et importante, elles ont pu b\u00e9n\u00e9ficier cette ann\u00e9e de 2000 euros chacune. NousLire la suite &rarr;<\/p>\n","protected":false},"author":1,"featured_media":0,"parent":0,"menu_order":0,"comment_status":"closed","ping_status":"closed","template":"","meta":{"sfsi_plus_gutenberg_text_before_share":"","sfsi_plus_gutenberg_show_text_before_share":"","sfsi_plus_gutenberg_icon_type":"","sfsi_plus_gutenberg_icon_alignemt":"","sfsi_plus_gutenburg_max_per_row":"","footnotes":""},"class_list":["post-142","page","type-page","status-publish","hentry","no-thumb"],"_links":{"self":[{"href":"http:\/\/theatre-cancoillotte.fr\/index.php\/wp-json\/wp\/v2\/pages\/142","targetHints":{"allow":["GET"]}}],"collection":[{"href":"http:\/\/theatre-cancoillotte.fr\/index.php\/wp-json\/wp\/v2\/pages"}],"about":[{"href":"http:\/\/theatre-cancoillotte.fr\/index.php\/wp-json\/wp\/v2\/types\/page"}],"author":[{"embeddable":true,"href":"http:\/\/theatre-cancoillotte.fr\/index.php\/wp-json\/wp\/v2\/users\/1"}],"replies":[{"embeddable":true,"href":"http:\/\/theatre-cancoillotte.fr\/index.php\/wp-json\/wp\/v2\/comments?post=142"}],"version-history":[{"count":168,"href":"http:\/\/theatre-cancoillotte.fr\/index.php\/wp-json\/wp\/v2\/pages\/142\/revisions"}],"predecessor-version":[{"id":1979,"href":"http:\/\/theatre-cancoillotte.fr\/index.php\/wp-json\/wp\/v2\/pages\/142\/revisions\/1979"}],"wp:attachment":[{"href":"http:\/\/theatre-cancoillotte.fr\/index.php\/wp-json\/wp\/v2\/media?parent=142"}],"curies":[{"name":"wp","href":"https:\/\/api.w.org\/{rel}","templated":true}]}}