{"id":186,"date":"2017-12-20T20:05:11","date_gmt":"2017-12-20T19:05:11","guid":{"rendered":"http:\/\/theatre-cancoillotte.fr\/?page_id=186"},"modified":"2018-02-04T21:39:54","modified_gmt":"2018-02-04T20:39:54","slug":"habit","status":"publish","type":"page","link":"http:\/\/theatre-cancoillotte.fr\/index.php\/habit\/","title":{"rendered":"L&rsquo;habit vert"},"content":{"rendered":"<p><span style=\"color: #0000ff;\"><em><strong>L&rsquo;Habit vert<\/strong><\/em><\/span> est une pi\u00e8ce de th\u00e9\u00e2tre de Robert de Flers et Gaston Arman de Caillavet, repr\u00e9sent\u00e9 pour la premi\u00e8re fois le 17 novembre 1912, au th\u00e9\u00e2tre des Vari\u00e9t\u00e9s, sur une mise en sc\u00e8ne de Fernand Samuel.<\/p>\n<p><span style=\"color: #0000ff;\"><em><strong>R\u00e9sum\u00e9<\/strong><\/em><\/span><\/p>\n<p>Le duc de Maul\u00e9vrier, royaliste et r\u00e9actionnaire, directeur de l\u2019Acad\u00e9mie Fran\u00e7aise, recherche d\u00e9sesp\u00e9r\u00e9ment un candidat pour remplacer un des Immortels qui vient de s\u2019\u00e9teindre. \u00c0 la suite d&rsquo;un quiproquo, le comte de Latour-Latour se retrouve candidat \u00e0 l&rsquo;Acad\u00e9mie. Or ce dernier est aussi l\u2019amant de la duchesse, qui pense pouvoir vivre son idylle sans que son mari s\u2019en aper\u00e7oive. C\u2019est sans compter sur le pianiste virtuose Parmeline, artiste m\u00e9galo et ex-amant de la duchesse, qui va, bien malgr\u00e9 lui, faire basculer la situation en pleine s\u00e9ance de l\u2019Acad\u00e9mie, d\u00e9clenchant ainsi un des plus gros scandales jamais connu sous la Coupole.<\/p>\n<p><span style=\"color: #0000ff;\"><em><strong>Distribution \u00e0 la Cancoillotte<\/strong><\/em><\/span><\/p>\n<p>Metteur en sc\u00e8ne : H\u00e9l\u00e8ne de Lachaise<\/p>\n<p>LE DUC DE MAUL\u00c9VRIER : Pierre Arnaud<br \/>\nLE LAQUAIS, L&rsquo;HUISSIER : Philippe Coste<br \/>\nMICH\u00c8LE, FEMME DE CHAMBRE : C\u00e9cile Pambet<br \/>\nLAUREL, MOURIER : Matthieu Frey<br \/>\nLE BARON B\u00c9NIN : Yves de Dreux-Br\u00e9z\u00e9<br \/>\nPINCHET : J\u00e9r\u00f4me Plancquaert<br \/>\nMADAME JEANVR\u00c9 : Val\u00e9rie Foulon<br \/>\nLA COMTESSE DE JARGEAU : Patricia Gottschalk<br \/>\nLE VICOMTE DE SAINT-GOBAIN : Alexandre Gottschalk<br \/>\nLA COMTESSE DE SAINT-GOBAIN : Anne-Marie Perrot<br \/>\nM\u00c9LANIE : Reine Pellaton<br \/>\nLA DUCHESSE DE MAUL\u00c9VRIER : H\u00e9l\u00e8ne Guilbert<br \/>\nPARMELINE : Fran\u00e7ois Gilson<br \/>\nLE COMTE HUBERT DE LATOUR-LATOUR : Jean Perrot<br \/>\nDURAND : Bertrand Tiberghien<br \/>\nBRIGITTE TOUCHARD : Brigitte Borel<br \/>\nLE G\u00c9N\u00c9RAL ROUSSY DES CHARMILLES : Andr\u00e9 Grosperrin<br \/>\nLE DOYEN DE L&rsquo;ACAD\u00c9MIE : Bertrand de Vaulchier<br \/>\nLE COMMANDANT DU PALAIS : Alexandre Gottschalk<br \/>\nLE PR\u00c9SIDENT DE LA R\u00c9PUBLIQUE : Bertrand Tiberghien<br \/>\nLE MA\u00ceTRE D&rsquo;H\u00d4TEL : Dominique Baudiquey<\/p>\n<p><em><strong><span style=\"color: #0000ff;\">Le flyer et les photos<br \/>\n<\/span><\/strong><\/em><\/p>\n<style type=\"text\/css\">\n#foogallery-gallery-313.fg-masonry .fg-item { width: 150px; }\n#foogallery-gallery-313.fg-masonry { --fg-gutter: 10px; }<\/style>\n\t\t\t<div class=\"foogallery foogallery-container foogallery-masonry foogallery-lightbox-foobox fg-center fg-masonry fg-ready fg-light fg-border-thin fg-shadow-outline fg-loading-default fg-loaded-fade-in fg-caption-hover fg-hover-fade fg-hover-zoom fg-fixed\" id=\"foogallery-gallery-313\" data-foogallery=\"{&quot;item&quot;:{&quot;showCaptionTitle&quot;:true,&quot;showCaptionDescription&quot;:true},&quot;lazy&quot;:true,&quot;template&quot;:{&quot;columnWidth&quot;:150,&quot;gutter&quot;:10}}\" style=\"--fg-title-line-clamp: 0; --fg-description-line-clamp: 0;\" >\n\t\t<div class=\"fg-item fg-type-image fg-idle\"><figure class=\"fg-item-inner\"><a href=\"http:\/\/theatre-cancoillotte.fr\/wp-content\/uploads\/2018\/01\/Habit-vert-Flyer-verso.jpg\" data-attachment-id=\"318\" data-e-disable-page-transition=\"true\" data-type=\"image\" class=\"fg-thumb\"><span class=\"fg-image-wrap\"><img decoding=\"async\" width=\"150\" height=\"109\" class=\"skip-lazy fg-image\" data-src-fg=\"http:\/\/theatre-cancoillotte.fr\/wp-content\/uploads\/cache\/2018\/01\/Habit-vert-Flyer-verso\/2083675496.jpg\" src=\"data:image\/svg+xml,%3Csvg%20xmlns%3D%22http%3A%2F%2Fwww.w3.org%2F2000%2Fsvg%22%20width%3D%22150%22%20height%3D%22109%22%20viewBox%3D%220%200%20150%20109%22%3E%3C%2Fsvg%3E\" loading=\"eager\"><\/span><span class=\"fg-image-overlay\"><\/span><\/a><\/figure><div class=\"fg-loader\"><\/div><\/div><div class=\"fg-item fg-type-image fg-idle\"><figure class=\"fg-item-inner\"><a href=\"http:\/\/theatre-cancoillotte.fr\/wp-content\/uploads\/2018\/01\/Habit-vert-Flyer-recto.jpg\" data-attachment-id=\"317\" data-e-disable-page-transition=\"true\" data-type=\"image\" class=\"fg-thumb\"><span class=\"fg-image-wrap\"><img decoding=\"async\" width=\"150\" height=\"109\" class=\"skip-lazy fg-image\" data-src-fg=\"http:\/\/theatre-cancoillotte.fr\/wp-content\/uploads\/cache\/2018\/01\/Habit-vert-Flyer-recto\/2185605625.jpg\" src=\"data:image\/svg+xml,%3Csvg%20xmlns%3D%22http%3A%2F%2Fwww.w3.org%2F2000%2Fsvg%22%20width%3D%22150%22%20height%3D%22109%22%20viewBox%3D%220%200%20150%20109%22%3E%3C%2Fsvg%3E\" loading=\"eager\"><\/span><span class=\"fg-image-overlay\"><\/span><\/a><\/figure><div class=\"fg-loader\"><\/div><\/div><div class=\"fg-item fg-type-image fg-idle\"><figure class=\"fg-item-inner\"><a href=\"http:\/\/theatre-cancoillotte.fr\/wp-content\/uploads\/2018\/01\/Habit-vert-03.jpg\" data-attachment-id=\"316\" data-e-disable-page-transition=\"true\" data-type=\"image\" class=\"fg-thumb\"><span class=\"fg-image-wrap\"><img decoding=\"async\" width=\"150\" height=\"206\" class=\"skip-lazy fg-image\" data-src-fg=\"http:\/\/theatre-cancoillotte.fr\/wp-content\/uploads\/cache\/2018\/01\/Habit-vert-03\/1074823893.jpg\" src=\"data:image\/svg+xml,%3Csvg%20xmlns%3D%22http%3A%2F%2Fwww.w3.org%2F2000%2Fsvg%22%20width%3D%22150%22%20height%3D%22206%22%20viewBox%3D%220%200%20150%20206%22%3E%3C%2Fsvg%3E\" loading=\"eager\"><\/span><span class=\"fg-image-overlay\"><\/span><\/a><\/figure><div class=\"fg-loader\"><\/div><\/div><div class=\"fg-item fg-type-image fg-idle\"><figure class=\"fg-item-inner\"><a href=\"http:\/\/theatre-cancoillotte.fr\/wp-content\/uploads\/2018\/01\/Habit-vert-02.jpg\" data-attachment-id=\"315\" data-e-disable-page-transition=\"true\" data-type=\"image\" class=\"fg-thumb\"><span class=\"fg-image-wrap\"><img decoding=\"async\" width=\"150\" height=\"206\" class=\"skip-lazy fg-image\" data-src-fg=\"http:\/\/theatre-cancoillotte.fr\/wp-content\/uploads\/cache\/2018\/01\/Habit-vert-02\/930814643.jpg\" src=\"data:image\/svg+xml,%3Csvg%20xmlns%3D%22http%3A%2F%2Fwww.w3.org%2F2000%2Fsvg%22%20width%3D%22150%22%20height%3D%22206%22%20viewBox%3D%220%200%20150%20206%22%3E%3C%2Fsvg%3E\" loading=\"eager\"><\/span><span class=\"fg-image-overlay\"><\/span><\/a><\/figure><div class=\"fg-loader\"><\/div><\/div><div class=\"fg-item fg-type-image fg-idle\"><figure class=\"fg-item-inner\"><a href=\"http:\/\/theatre-cancoillotte.fr\/wp-content\/uploads\/2018\/01\/Habit-vert-01.jpg\" data-attachment-id=\"314\" data-e-disable-page-transition=\"true\" data-type=\"image\" class=\"fg-thumb\"><span class=\"fg-image-wrap\"><img decoding=\"async\" width=\"150\" height=\"206\" class=\"skip-lazy fg-image\" data-src-fg=\"http:\/\/theatre-cancoillotte.fr\/wp-content\/uploads\/cache\/2018\/01\/Habit-vert-01\/1717856455.jpg\" src=\"data:image\/svg+xml,%3Csvg%20xmlns%3D%22http%3A%2F%2Fwww.w3.org%2F2000%2Fsvg%22%20width%3D%22150%22%20height%3D%22206%22%20viewBox%3D%220%200%20150%20206%22%3E%3C%2Fsvg%3E\" loading=\"eager\"><\/span><span class=\"fg-image-overlay\"><\/span><\/a><\/figure><div class=\"fg-loader\"><\/div><\/div><div class=\"fg-item fg-type-image fg-idle\"><figure class=\"fg-item-inner\"><a href=\"http:\/\/theatre-cancoillotte.fr\/wp-content\/uploads\/2018\/01\/Habit-vert-04.jpg\" data-attachment-id=\"349\" data-e-disable-page-transition=\"true\" data-type=\"image\" class=\"fg-thumb\"><span class=\"fg-image-wrap\"><img decoding=\"async\" width=\"150\" height=\"206\" class=\"skip-lazy fg-image\" data-src-fg=\"http:\/\/theatre-cancoillotte.fr\/wp-content\/uploads\/cache\/2018\/01\/Habit-vert-04\/2090250380.jpg\" src=\"data:image\/svg+xml,%3Csvg%20xmlns%3D%22http%3A%2F%2Fwww.w3.org%2F2000%2Fsvg%22%20width%3D%22150%22%20height%3D%22206%22%20viewBox%3D%220%200%20150%20206%22%3E%3C%2Fsvg%3E\" loading=\"eager\"><\/span><span class=\"fg-image-overlay\"><\/span><\/a><\/figure><div class=\"fg-loader\"><\/div><\/div><div class=\"fg-item fg-type-image fg-idle\"><figure class=\"fg-item-inner\"><a href=\"http:\/\/theatre-cancoillotte.fr\/wp-content\/uploads\/2020\/05\/Habit-vert-05-scaled.jpg\" data-attachment-id=\"1147\" data-e-disable-page-transition=\"true\" data-type=\"image\" class=\"fg-thumb\"><span class=\"fg-image-wrap\"><img decoding=\"async\" width=\"150\" height=\"212\" class=\"skip-lazy fg-image\" data-src-fg=\"http:\/\/theatre-cancoillotte.fr\/wp-content\/uploads\/cache\/2020\/05\/Habit-vert-05-scaled\/3970142523.jpg\" src=\"data:image\/svg+xml,%3Csvg%20xmlns%3D%22http%3A%2F%2Fwww.w3.org%2F2000%2Fsvg%22%20width%3D%22150%22%20height%3D%22212%22%20viewBox%3D%220%200%20150%20212%22%3E%3C%2Fsvg%3E\" loading=\"eager\"><\/span><span class=\"fg-image-overlay\"><\/span><\/a><\/figure><div class=\"fg-loader\"><\/div><\/div><\/div>\n<p><em><strong><span style=\"color: #0000ff;\">Extrait vid\u00e9o<\/span><\/strong><\/em><\/p>\n<div id=\"flowplayer-video-206\" style=\"max-width:px;\" class=\"flowplayer-video flowplayer-video-206 flowplayer-206 fp-default timeline-default \" >\n\n\t\n\t<video preload=\"metadata\">\n\t\t<source type=\"video\/mp4\" src=\"http:\/\/theatre-cancoillotte.fr\/wp-content\/uploads\/2017\/12\/habit.mp4\">\t<\/video>\n\n\t\n\t\n<\/div>\n\n<!-- Flowplayer single video config -->\n<script>\njQuery( document ).ready( function( $ ) {\n\tfpVideo206 = $(\".flowplayer-video-206\").flowplayer(\n\t\t{\"volume\":0}\t);\n});\n<\/script>\n\n<p>&nbsp;<\/p>\n","protected":false},"excerpt":{"rendered":"<p>L&rsquo;Habit vert est une pi\u00e8ce de th\u00e9\u00e2tre de Robert de Flers et Gaston Arman de Caillavet, repr\u00e9sent\u00e9 pour la premi\u00e8re fois le 17 novembre 1912, au th\u00e9\u00e2tre des Vari\u00e9t\u00e9s, sur une mise en sc\u00e8ne de Fernand Samuel. R\u00e9sum\u00e9 Le duc de Maul\u00e9vrier, royaliste et r\u00e9actionnaire, directeur de l\u2019Acad\u00e9mie Fran\u00e7aise, recherche d\u00e9sesp\u00e9r\u00e9ment un candidat pour remplacerLire la suite &rarr;<\/p>\n","protected":false},"author":1,"featured_media":0,"parent":0,"menu_order":0,"comment_status":"closed","ping_status":"closed","template":"","meta":{"sfsi_plus_gutenberg_text_before_share":"","sfsi_plus_gutenberg_show_text_before_share":"","sfsi_plus_gutenberg_icon_type":"","sfsi_plus_gutenberg_icon_alignemt":"","sfsi_plus_gutenburg_max_per_row":"","footnotes":""},"class_list":["post-186","page","type-page","status-publish","hentry","no-thumb"],"_links":{"self":[{"href":"http:\/\/theatre-cancoillotte.fr\/index.php\/wp-json\/wp\/v2\/pages\/186","targetHints":{"allow":["GET"]}}],"collection":[{"href":"http:\/\/theatre-cancoillotte.fr\/index.php\/wp-json\/wp\/v2\/pages"}],"about":[{"href":"http:\/\/theatre-cancoillotte.fr\/index.php\/wp-json\/wp\/v2\/types\/page"}],"author":[{"embeddable":true,"href":"http:\/\/theatre-cancoillotte.fr\/index.php\/wp-json\/wp\/v2\/users\/1"}],"replies":[{"embeddable":true,"href":"http:\/\/theatre-cancoillotte.fr\/index.php\/wp-json\/wp\/v2\/comments?post=186"}],"version-history":[{"count":14,"href":"http:\/\/theatre-cancoillotte.fr\/index.php\/wp-json\/wp\/v2\/pages\/186\/revisions"}],"predecessor-version":[{"id":724,"href":"http:\/\/theatre-cancoillotte.fr\/index.php\/wp-json\/wp\/v2\/pages\/186\/revisions\/724"}],"wp:attachment":[{"href":"http:\/\/theatre-cancoillotte.fr\/index.php\/wp-json\/wp\/v2\/media?parent=186"}],"curies":[{"name":"wp","href":"https:\/\/api.w.org\/{rel}","templated":true}]}}