{"id":2,"date":"2017-11-27T20:55:22","date_gmt":"2017-11-27T19:55:22","guid":{"rendered":"http:\/\/www.pensee-du-jour.ovh\/cancoi\/?page_id=2"},"modified":"2026-01-18T07:25:00","modified_gmt":"2026-01-18T06:25:00","slug":"page-d-exemple","status":"publish","type":"page","link":"http:\/\/theatre-cancoillotte.fr\/index.php\/page-d-exemple\/","title":{"rendered":"Les associations soutenues"},"content":{"rendered":"<p><img fetchpriority=\"high\" decoding=\"async\" src=\"http:\/\/theatre-cancoillotte.fr\/wp-content\/uploads\/2022\/11\/associations.jpg\" alt=\"\" width=\"600\" height=\"100\" \/><\/p>\n<p>Depuis toujours, nos recettes sont destin\u00e9es \u00e0 aider des associations caritatives, locales de pr\u00e9f\u00e9rence. Ces associations doivent se pr\u00e9senter devant nous lors d&rsquo;un apr\u00e8s-midi convivial. Trois sont choisies pour obtenir des aides.<\/p>\n<p>En voici une liste &#8230; non tri\u00e9e !<\/p>\n<hr \/>\n<p><em><strong>Les petits bras<\/strong><\/em><\/p>\n<p>Aide le dispensaire Saint-Joseph en Casamance (S\u00e9n\u00e9gal) pour am\u00e9liorer le quotidien de la population<\/p>\n<p><a href=\"https:\/\/www.helloasso.com\/associations\/association-les-petits-bras\" target=\"_blank\" rel=\"noopener\">https:\/\/www.helloasso.com\/associations\/association-les-petits-bras<\/a><\/p>\n<hr \/>\n<p><em><strong>Le Liseron<\/strong><\/em><\/p>\n<p>Au CHU de Besan\u00e7on, aide les personnes atteintes de leuc\u00e9mie, lymphome, my\u00e9lome.<\/p>\n<p><a href=\"http:\/\/leliseron.com\/\" target=\"_blank\" rel=\"noopener\">http:\/\/leliseron.com\/<\/a><\/p>\n<hr \/>\n<p><em><strong>Don du sang b\u00e9n\u00e9vole<\/strong><\/em><\/p>\n<p>Organisation des collectes de sang. Promotion des dons du sang et des dons de plasma<\/p>\n<p><a href=\"https:\/\/assoce.fr\/waldec\/W251001644\/ASSOCIATION-POUR-LE-DON-DE-SANG-BENEVOLE-DE-BESANCON-THISE\" target=\"_blank\" rel=\"noopener\">https:\/\/assoce.fr\/waldec\/W251001644\/ASSOCIATION-POUR-LE-DON-DE-SANG-BENEVOLE-DE-BESANCON-THISE<\/a><\/p>\n<hr \/>\n<p><em><strong>Flor\u00e9al<\/strong><\/em><\/p>\n<p>Aide au handicap psychique. Fonctionne avec des Groupes &lsquo;entraide Mutuelle<\/p>\n<p><a href=\"https:\/\/assofloreal.fr\" target=\"_blank\" rel=\"noopener\">https:\/\/assofloreal.fr<\/a><\/p>\n<hr \/>\n<p><em><strong>Amis franc-comtois du Foyer de Paix de Kambehe (Congo RDC)<\/strong><\/em><\/p>\n<p>Financement d&rsquo;un appareil destin\u00e9 aux greffes de peau des br\u00fbl\u00e9s de la r\u00e9gion de Kambehe (Congo RDC)<\/p>\n<p><a href=\"https:\/\/www.atelierfdp.fr\" target=\"_blank\" rel=\"noopener\">https:\/\/www.atelierfdp.fr<\/a><\/p>\n<hr \/>\n<p><em><strong>Sauv qui peut (2023)<\/strong><\/em><\/p>\n<p>Facilite la prise en charge des enfants en d\u00e9tresse vitale<\/p>\n<p><a href=\"https:\/\/devecey.fr\/fr\/as\/558872\/80121\/sauv-qui-peut\" target=\"_blank\" rel=\"noopener\">https:\/\/devecey.fr\/fr\/as\/558872\/80121\/sauv-qui-peut<\/a><\/p>\n<hr \/>\n<p><em><strong>Les amis du jumelage Thi\u00e8s \/ Saint-Claude (2023)<\/strong><\/em><\/p>\n<p>D\u00e9veloppe des \u00e9changes entre les deux dioc\u00e8ses de Thi\u00e8s (S\u00e9n\u00e9gal) et de Saint-Claude (Jura, France)<\/p>\n<hr \/>\n<p><em><strong>Les z&rsquo;amis de l&rsquo;aube (2023)<\/strong><\/em><\/p>\n<p>S&rsquo;occupe des enfants atteints du syndrome de Prader Willi<\/p>\n<p><a href=\"https:\/\/www.lesamisdelaube.fr\" target=\"_blank\" rel=\"noopener\">https:\/\/www.lesamisdelaube.fr<\/a><\/p>\n<hr \/>\n<p><em><strong>Diin Lama France (2023)<\/strong><\/em><\/p>\n<p>Aide au d\u00e9veloppement du village de Tangassogo au Burkina Faso<\/p>\n<p><a href=\"https:\/\/www.diinlamafrance.fr\" target=\"_blank\" rel=\"noopener\">https:\/\/www.diinlamafrance.fr<\/a><\/p>\n<hr \/>\n<p><em><strong>L&rsquo;association PANI (2001, 2002, 2003, 2005)<\/strong><\/em><\/p>\n<p>Association franc-comtoise qui \u0153uvre au B\u00e9nin pour la construction et le fonctionnement d&rsquo;\u00e9coles, d&rsquo;h\u00f4pitaux et de dispensaires.<\/p>\n<p><a href=\"http:\/\/http:\/\/association-pani.fr\/\" target=\"_blank\" rel=\"noopener\" data-wplink-url-error=\"true\">http:\/\/association-pani.fr\/<br \/><\/a><\/p>\n<hr \/>\n<p><em><strong>France-Alzheimer Franche-Comt\u00e9 (2012)<\/strong><\/em><\/p>\n<p>Association de soutien aux familles de malades atteints de la maladie d&rsquo;Alzheimer et maladies apparent\u00e9es. Nous avons aid\u00e9s cette association pour pour la halte relais \u00ab La bouff\u00e9e d\u2019air \u00bb de Besan\u00e7on.<\/p>\n<p><a href=\"https:\/\/www.francealzheimerfranchecomte.fr\/\" target=\"_blank\" rel=\"noopener\">https:\/\/www.francealzheimerfranchecomte.fr\/<\/a><\/p>\n<hr \/>\n<p><em><strong>La Maison de Claire (2005)<\/strong><\/em><\/p>\n<p>Association bisontine cr\u00e9\u00e9e pour construire une maison d&rsquo;\u00e9veil avec un partenariat entre le lyc\u00e9e des Graviers-Blancs et les Salins de Br\u00e9gille.<\/p>\n<hr \/>\n<p><em><strong>Enfants du M\u00e9kong (2005)<\/strong><\/em><\/p>\n<p>Consacr\u00e9e aux enfants en grand besoin, cette ONG aide par le parrainage l&rsquo;enfant \u00e0 \u00eatre scolaris\u00e9, nourri soign\u00e9 et habill\u00e9, afin de lui \u00e9viter l&rsquo;enfer des rues, de la drogue, de la prostitution &#8230; Parrainer un enfant, c&rsquo;est l&rsquo;aider \u00e0 s&rsquo;en sortir par lui-m\u00eame.<\/p>\n<p><a href=\"http:\/\/www.enfantsdumekong.com\/\" target=\"_blank\" rel=\"noopener\">http:\/\/www.enfantsdumekong.com\/<br \/><\/a><\/p>\n<hr \/>\n<p><em><strong>Solidarit\u00e9 Vietnam (2004)<\/strong><\/em><\/p>\n<p>Association dont les objectifs sont l&rsquo;aide m\u00e9dicale \u00e0 deux dispensaires \u00e0 Sa\u00efgon et dans les villages du delta du M\u00e9kong, l&rsquo;aide aux \u00e9tudiants sans ressources et un orphelinat. Docteur Th\u00e9r\u00e8se (ou s\u0153ur Than) se d\u00e9voue sur place pour les enfants.<\/p>\n<hr \/>\n<p><em><strong>Centre de soins et d&rsquo;h\u00e9bergement Jacques Weinman (2004)<\/strong><\/em><\/p>\n<p>Nous souhaitons offrir \u00e0 ce Centre, situ\u00e9 \u00e0 Avanne-Aveney, la possibilit\u00e9 d&rsquo;acheter du mat\u00e9riel pour l&rsquo;animation des quatre pavillons (musique, vid\u00e9o, jeux &#8230;). Un peu de ga\u00eet\u00e9 dans un environnement souvent triste.<\/p>\n<p><a href=\"http:\/\/www.cjw-avanne.com\/\" target=\"_blank\" rel=\"noopener\">http:\/\/www.cjw-avanne.com\/<\/a><\/p>\n<hr \/>\n<p><em><strong>Les doigts qui r\u00eavent (2004)<br \/><\/strong><\/em><\/p>\n<p>Association fond\u00e9e par un instituteur sur une merveilleuse id\u00e9e : concevoir et r\u00e9aliser des livres tactiles pour les enfants non-voyants ; toucher les couleurs ! Remplacer un sens par un autre !<\/p>\n<p><a href=\"http:\/\/www.ldqr.org\">http:\/\/www.ldqr.org<\/a><\/p>\n<hr \/>\n<p><em><strong>Le Liseron (2003)<\/strong><\/em><\/p>\n<p>Association dont l&rsquo;objectif est d&rsquo;am\u00e9liorer le confort des patients des h\u00f4pitaux Saint-Jacques et Jean Minjoz.<\/p>\n<p><a href=\"http:\/\/www.leliseron.com\">http:\/\/www.leliseron.com<\/a><\/p>\n<hr \/>\n<p><em><strong>Bol d&rsquo;Air (2003)<\/strong><\/em><\/p>\n<p>Association dont l&rsquo;objectif est le d\u00e9veloppement des activit\u00e9s sportives, culturelles et de loisirs au profit des gar\u00e7ons et filles accueillis au sein de l&rsquo;IES Fontaine-Argent, Institut d\u2019\u00c9ducation Sp\u00e9cialis\u00e9e \u00e0 Besan\u00e7on.<\/p>\n<p>IES Fontaine-Argent<br \/>11 chemin de Br\u00fblefoin<br \/>25000 Besan\u00e7on<\/p>\n<hr \/>\n<p><em><strong>Association La Bourguette (2000, 2002)<\/strong><\/em><\/p>\n<p>Maison de vie pour autistes adultes \u00e0 Aix-en-Provence.<\/p>\n<p><a href=\"https:\/\/www.bourguette-autisme.org\">https:\/\/www.bourguette-autisme.org<\/a><\/p>\n<hr \/>\n<p><em><strong>Les Invit\u00e9s au festin (2002)<\/strong><\/em><\/p>\n<p>Maison d&rsquo;accueil et de partage \u00e0 Besan\u00e7on pour personnes souffrant de solitude, en difficult\u00e9 de relation.<\/p>\n<p><a href=\"http:\/\/www.lesinvitesaufestin.fr\/\">http:\/\/www.lesinvitesaufestin.fr\/<\/a><\/p>\n<hr \/>\n<p><em><strong>A.P.T.A.A. Besan\u00e7on (2002)<\/strong><\/em><\/p>\n<p>Association pour le partage des traitements anti-sida avec l&rsquo;Afrique.<\/p>\n<hr \/>\n<p><em><strong>A.I.R.\u00a0 &#8211; Association Information Recherche (1991, 1993)<\/strong><\/em><\/p>\n<p>Association au service des enfants lourdement handicap\u00e9s et de leurs familles.<\/p>\n<p><a href=\"http:\/\/www.airhandicap.org\/\">http:\/\/www.airhandicap.org\/<\/a><\/p>\n<hr \/>\n<p><em><strong>Myosotis (1995, 1996, 1997, 1999)<\/strong><\/em><\/p>\n<p>Association qui est intervenue dans une favella de Maceio au Br\u00e9sil, et qui apporte une aide d\u00e9sint\u00e9ress\u00e9e aux personnes en souffrance \u00e0 la suite d&rsquo;un d\u00e9c\u00e8s.<\/p>\n<p><a href=\"http:\/\/www.association-myosotis.fr\/\">http:\/\/www.association-myosotis.fr\/<\/a><\/p>\n<hr \/>\n<p><em><strong>Association d&rsquo;aide \u00e0 la p\u00e9diatrie, CHU de Besan\u00e7on (1996, 1997)<br \/><\/strong><\/em><\/p>\n<p>La liste des associations \u0153uvrant dans le cadre du CHU se trouve sur ce lien :<\/p>\n<p><a href=\"https:\/\/www.chu-besancon.fr\/acteurs-en-sante\/les-associations.html\">https:\/\/www.chu-besancon.fr\/acteurs-en-sante\/les-associations.html<\/a><\/p>\n<hr \/>\n<p><em><strong>Terre du N\u00e9pal (1996)<\/strong><\/em><\/p>\n<p>Association d&rsquo;aide \u00e0 l&rsquo;enfance.<\/p>\n<p>Il existe en 2018 plusieurs associations d&rsquo;aide \u00e0 l&rsquo;enfance au N\u00e9pal et je ne suis pas s\u00fbr des coordonn\u00e9es exactes de l\u2019association que nous avons aid\u00e9e en 1996 &#8230;<\/p>\n<hr \/>\n<p><em><strong>A.T.D. Quart-monde (1999, 2000)<\/strong><\/em><\/p>\n<p>Agir contre l&rsquo;exclusion et la mis\u00e8re.<\/p>\n<p><a href=\"https:\/\/www.atd-quartmonde.fr\/mot-cle\/franche-comte\/\">https:\/\/www.atd-quartmonde.fr\/mot-cle\/franche-comte\/<\/a><\/p>\n<hr \/>\n<p><em><strong>Franche-Comt\u00e9 Carpates (2001)<\/strong><\/em><\/p>\n<p>Objet : aide humanitaire en Roumanie, dans les h\u00f4pitaux, dispensaires, orphelinats, hospices, \u00e9coles, associations sportives et culturelles, et tous organismes pr\u00e9sentant un caract\u00e8re social, concernant tous acheminements \u00e0 titre gracieux de produits m\u00e9dicaux, scolaires, alimentaires et vestimentaires. Cette association est \u00e0 caract\u00e8re non lucratif.<\/p>\n<p>13 rue des roches<br \/>25110 BAUME-LES-DAMES<\/p>\n<hr \/>\n<p><em><strong>Amis Comtois des Missions Centrafricaines (2001)<\/strong><\/em><\/p>\n<p>\u00ab\u00a0Partager un peu de son temps et de ses comp\u00e9tences,<br \/>Traverser la mer pour cr\u00e9er des liens avec d&rsquo;autres en terre africaine\u00a0\u00bb<\/p>\n<p><a href=\"http:\/\/www.acmc-ong.net\/\">http:\/\/www.acmc-ong.net\/<\/a><\/p>\n<hr \/>\n<p><em><strong>\u00a0SOUNVI (2018)<br \/><\/strong><\/em><\/p>\n<p>Association d&rsquo;\u00e9tudiants en deuxi\u00e8me ann\u00e9e de m\u00e9decine qui aident des orphelins au Vietnam<\/p>\n<p><a href=\"https:\/\/sounvi-association.jimdo.com\/\">https:\/\/sounvi-association.jimdo.com\/<\/a><\/p>\n<hr \/>\n<p><em><strong>FOP<\/strong><\/em><\/p>\n<p>Association des personnes atteintes de la maladie \u00ab\u00a0l&rsquo;homme de pierre\u00a0\u00bb<\/p>\n<p><a href=\"http:\/\/www.fopfrance.fr\/\">http:\/\/www.fopfrance.fr\/<\/a><\/p>\n<hr \/>\n<p><em><strong>Les Restos du C\u0153ur<\/strong><\/em><\/p>\n<p><a href=\"https:\/\/www.restosducoeur.org\">https:\/\/www.restosducoeur.org<\/a><\/p>\n<hr \/>\n<p><em><strong>MIRA Europe<\/strong><\/em><\/p>\n<p>Remise de chiens guides aux enfants malvoyants<\/p>\n<p><a href=\"http:\/\/www.fondationfg.org\/\">http:\/\/www.fondationfg.org\/<\/a><\/p>\n<hr \/>\n<p><em><strong>Les Manguiers d&rsquo; Ha\u00efti<\/strong><\/em><\/p>\n<p>Plantation de manguiers pour venir en aide aux habitants d&rsquo;Ha\u00efti<\/p>\n<p><a href=\"http:\/\/manguiersdhaiti.fr\/\">http:\/\/manguiersdhaiti.fr\/<\/a><\/p>\n<hr \/>\n<p><em><strong>Centre d&rsquo;h\u00e9bergement \u00ab\u00a0Les Chateliers\u00a0\u00bb <\/strong><\/em><\/p>\n<p>(centre pour enfants handicap\u00e9s)<\/p>\n<hr \/>\n<p><em><strong>ASAM Franche Comt\u00e9 (2018)<br \/><\/strong><\/em><\/p>\n<p>Aide aux sans-abri de Madagascar, de fa\u00e7on \u00e0 favoriser une prise de conscience de son \u0153uvre ; soutenir moralement, mat\u00e9riellement et financi\u00e8rement ses actions de r\u00e9insertion et de d\u00e9veloppement par une sensibilisation et des actions locales ; tisser des liens avec les diff\u00e9rents acteurs malgaches et les autres associations d\u2019ASA-France.<\/p>\n<p><a href=\"https:\/\/www.asa-madagascar.org\/-25-ASAM-Franche-Comte-.html\">https:\/\/www.asa-madagascar.org\/-25-ASAM-Franche-Comte-.html<\/a><\/p>\n<hr \/>\n<p><em><strong>Vivre comme avant<\/strong><\/em><\/p>\n<p>Vivre Comme Avant est anim\u00e9e par des femmes b\u00e9n\u00e9voles qui ont v\u00e9cu un cancer du sein et qui accompagnent les femmes qui, \u00e0 leur tour, sont atteintes par cette maladie.<br \/>C&rsquo;est ce v\u00e9cu et la rencontre individuelle avec les patientes qui font la singularit\u00e9 et la richesse de Vivre Comme Avant.<br \/>Vivre Comme Avant la seule association en France \u00e0 offrir un tel accompagnement concernant le cancer du sein.<\/p>\n<p><a href=\"http:\/\/www.vivrecommeavant.fr\/\">http:\/\/www.vivrecommeavant.fr\/<\/a><\/p>\n<hr \/>\n<p><em><strong>Alliance Maladies Rares<\/strong><\/em><\/p>\n<p>Cr\u00e9\u00e9e le 24 f\u00e9vrier 2000, l\u2019Alliance Maladies Rares (association loi 1901) rassemble aujourd\u2019hui plus de 200 associations de malades. Elle repr\u00e9sente pr\u00e8s de 2 millions de malades et environ 2 000 maladies rares. Elle accueille aussi en son sein des malades et familles isol\u00e9s, \u00ab orphelins \u00bb d\u2019associations.<\/p>\n<p><a href=\"https:\/\/www.alliance-maladies-rares.org\/\">https:\/\/www.alliance-maladies-rares.org\/<\/a><\/p>\n<hr \/>\n<p><em><strong>Help India Trust (2018)<\/strong><\/em><\/p>\n<p>Cette association vient en aide aux malades atteints du Sida en Inde<\/p>\n<p><a href=\"http:\/\/www.helpindiatrust.com\/\">http:\/\/www.helpindiatrust.com\/<\/a><\/p>\n<hr \/>\n\n\n<hr class=\"wp-block-separator has-alpha-channel-opacity\"\/>\n\n\n\n<hr class=\"wp-block-separator has-alpha-channel-opacity\"\/>\n\n\n\n<p><\/p>\n\n\n<\/p>","protected":false},"excerpt":{"rendered":"<p>Depuis toujours, nos recettes sont destin\u00e9es \u00e0 aider des associations caritatives, locales de pr\u00e9f\u00e9rence. Ces associations doivent se pr\u00e9senter devant nous lors d&rsquo;un apr\u00e8s-midi convivial. Trois sont choisies pour obtenir des aides. En voici une liste &#8230; non tri\u00e9e ! Les petits bras Aide le dispensaire Saint-Joseph en Casamance (S\u00e9n\u00e9gal) pour am\u00e9liorer le quotidien deLire la suite &rarr;<\/p>\n","protected":false},"author":1,"featured_media":0,"parent":0,"menu_order":0,"comment_status":"closed","ping_status":"open","template":"","meta":{"sfsi_plus_gutenberg_text_before_share":"","sfsi_plus_gutenberg_show_text_before_share":"","sfsi_plus_gutenberg_icon_type":"","sfsi_plus_gutenberg_icon_alignemt":"","sfsi_plus_gutenburg_max_per_row":"","footnotes":""},"class_list":["post-2","page","type-page","status-publish","hentry","no-thumb"],"_links":{"self":[{"href":"http:\/\/theatre-cancoillotte.fr\/index.php\/wp-json\/wp\/v2\/pages\/2","targetHints":{"allow":["GET"]}}],"collection":[{"href":"http:\/\/theatre-cancoillotte.fr\/index.php\/wp-json\/wp\/v2\/pages"}],"about":[{"href":"http:\/\/theatre-cancoillotte.fr\/index.php\/wp-json\/wp\/v2\/types\/page"}],"author":[{"embeddable":true,"href":"http:\/\/theatre-cancoillotte.fr\/index.php\/wp-json\/wp\/v2\/users\/1"}],"replies":[{"embeddable":true,"href":"http:\/\/theatre-cancoillotte.fr\/index.php\/wp-json\/wp\/v2\/comments?post=2"}],"version-history":[{"count":46,"href":"http:\/\/theatre-cancoillotte.fr\/index.php\/wp-json\/wp\/v2\/pages\/2\/revisions"}],"predecessor-version":[{"id":1954,"href":"http:\/\/theatre-cancoillotte.fr\/index.php\/wp-json\/wp\/v2\/pages\/2\/revisions\/1954"}],"wp:attachment":[{"href":"http:\/\/theatre-cancoillotte.fr\/index.php\/wp-json\/wp\/v2\/media?parent=2"}],"curies":[{"name":"wp","href":"https:\/\/api.w.org\/{rel}","templated":true}]}}